{"id":3009,"date":"2026-01-10T16:59:37","date_gmt":"2026-01-10T15:59:37","guid":{"rendered":"https:\/\/www.bymood.design\/?page_id=3009"},"modified":"2026-01-10T17:31:43","modified_gmt":"2026-01-10T16:31:43","slug":"apartman_lomnica","status":"publish","type":"page","link":"https:\/\/www.bymood.design\/en\/apartman_lomnica\/","title":{"rendered":"projekt_015"},"content":{"rendered":"\t\t<div data-elementor-type=\"wp-page\" data-elementor-id=\"3009\" class=\"elementor elementor-3009\" data-elementor-post-type=\"page\">\n\t\t\t\t<div class=\"elementor-element elementor-element-77d33308 e-flex e-con-boxed e-con e-parent\" data-id=\"77d33308\" data-element_type=\"container\" data-e-type=\"container\">\n\t\t\t\t\t<div class=\"e-con-inner\">\n\t\t\t\t<div class=\"elementor-element elementor-element-4efa1d56 elementor-widget elementor-widget-slider_revolution\" data-id=\"4efa1d56\" data-element_type=\"widget\" data-e-type=\"widget\" data-widget_type=\"slider_revolution.default\">\n\t\t\t\t\t<div class=\"wp-block-themepunch-revslider revslider\">\n\t\t\t\t<p class=\"rs-p-wp-fix\"><\/p>\n\t\t\t\t<sr7-module data-alias=\"byMood-Menu\" data-id=\"101\" id=\"SR7_101_1\" data-version=\"7.0.10\">\n\t\t\t\t\t<sr7-adjuster><\/sr7-adjuster>\n\t\t\t\t\t<sr7-content>\n\t\t\t\t\t\t<sr7-slide id=\"SR7_101_1-252\" data-key=\"252\">\n\t\t\t\t\t\t\t<a id=\"SR7_101_1-252-1\" class=\"sr7-layer\" href=\"http:\/\/bymood.design\/construction\" target=\"_self\" rel=\"noopener\">Construction<\/a>\n\t\t\t\t\t\t\t<a id=\"SR7_101_1-252-102\" class=\"sr7-layer\" href=\"http:\/\/www.bymood.design\/o-nas\/\" target=\"_self\">O n\u00e1s<\/a>\n\t\t\t\t\t\t\t<a id=\"SR7_101_1-252-103\" class=\"sr7-layer\" href=\"http:\/\/www.bymood.design\/projekty\/\" target=\"_self\">Projekty<\/a>\n\t\t\t\t\t\t\t<a id=\"SR7_101_1-252-108\" class=\"sr7-layer\" href=\"http:\/\/www.bymood.design\/\" target=\"_self\">Home<\/a>\n\t\t\t\t\t\t\t<a id=\"SR7_101_1-252-109\" class=\"sr7-layer\" href=\"http:\/\/bymood.design\/kontakt\" target=\"_self\" rel=\"noopener\">Kontakt<\/a>\n\t\t\t\t\t\t\t<a id=\"SR7_101_1-252-111\" class=\"sr7-layer\" href=\"http:\/\/sk.pinterest.com\/bymooddesign\/\" target=\"_blank\" rel=\"noopener\">Pinterest<\/a>\n\t\t\t\t\t\t\t<a id=\"SR7_101_1-252-112\" class=\"sr7-layer\" href=\"http:\/\/www.instagram.com\/bymood.design\" target=\"_self\" rel=\"noopener\">Instagram<\/a>\n\t\t\t\t\t\t\t<a id=\"SR7_101_1-252-113\" class=\"sr7-layer\" href=\"http:\/\/www.facebook.com\/bymood.design\" target=\"_blank\" rel=\"noopener\">Facebook<\/a>\n\t\t\t\t\t\t<\/sr7-slide>\n\t\t\t\t\t\t<sr7-slide id=\"SR7_101_1-271\" data-key=\"271\">\n\t\t\t\t\t\t<\/sr7-slide>\n\t\t\t\t\t<\/sr7-content>\n\t\t\t\t\t<image_lists style=\"display:none\">\n\t\t\t\t\t\t<img data-src=\"\/\/www.bymood.design\/wp-content\/uploads\/revslider\/o\/101\/a527a877bb92643524b3a6b932c98c7f.webp\" data-libid=\"1265\" data-lib=\"medialibrary\" title=\"byMOOD-WB-F\" width=\"0\" height=\"0\" data-dbsrc=\"Ly93d3cuYnltb29kLmRlc2lnbi93cC1jb250ZW50L3VwbG9hZHMvMjAyNS8wMi9ieU1PT0QtV0ItRi1lMTczOTA0NDQ2OTg5NS5wbmc=\"\/>\n\t\t\t\t\t<\/image_lists>\n\t\t\t\t<\/sr7-module>\n\t\t\t\t<script>\n\t\t\t\t\twindow.SR7??={}; SR7.PMH ??={}; SR7.PMH[\"SR7_101_1\"] = {cn:100,state:false,fn: function() { if (window._tpt!==undefined && window._tpt.prepareModuleHeight !== undefined) {  _tpt.prepareModuleHeight({id:\"SR7_101_1\",el:[900,900,768,960,720],fixed:true,type:'hero',gh:[900,900,768,960,720],gw:[1240,1240,1024,778,480],vpt:['200px&#039;,&#039;200px&#039;,&#039;200px&#039;,&#039;200px&#039;,&#039;200px'],size:{fullWidth:true, fullHeight:true},fho:'',mh:'0',onh:0,onw:0,bg:{color:'{\"orig\":\"transparent\",\"type\":\"solid\",\"string\":\"transparent\"}'}});   SR7.PMH[\"SR7_101_1\"].state=true;} else if(SR7.PMH[\"SR7_101_1\"].cn-->0)\tsetTimeout( SR7.PMH[\"SR7_101_1\"].fn,19);}};SR7.PMH[\"SR7_101_1\" ].fn();\n\t\t\t\t<\/script>\n<\/div>\t\t\t\t<\/div>\n\t\t\t\t<div class=\"elementor-element elementor-element-3c8fd0be elementor-widget elementor-widget-slider_revolution\" data-id=\"3c8fd0be\" data-element_type=\"widget\" data-e-type=\"widget\" data-widget_type=\"slider_revolution.default\">\n\t\t\t\t\t<div class=\"wp-block-themepunch-revslider revslider\">\n\t\t\t\t<p class=\"rs-p-wp-fix\"><\/p>\n\t\t\t\t<sr7-module data-alias=\"021_galeria_header-11\" data-id=\"130\" id=\"SR7_130_2\" data-version=\"7.0.10\">\n\t\t\t\t\t<sr7-adjuster><\/sr7-adjuster>\n\t\t\t\t\t<sr7-content>\n\t\t\t\t\t\t<sr7-slide id=\"SR7_130_2-341\" data-key=\"341\">\n\t\t\t\t\t\t\t<sr7-bg id=\"SR7_130_2-341-54\" class=\"sr7-layer\"><noscript><img decoding=\"async\" src=\"https:\/\/www.bymood.design\/wp-content\/uploads\/2026\/01\/06-scaled.jpg\" alt=\"Ob\u00fdva\u010dka v apartm\u00e1ne v Lomnici \u2013 komfortn\u00e1 seda\u010dka, pr\u00edrodn\u00e9 t\u00f3ny a nad\u010dasov\u00e9 materi\u00e1ly | byMOOD design\" title=\"06Denn\u00e1 z\u00f3na \u2013 komfort a \u010dist\u00e9 l\u00ednie\"><\/noscript><\/sr7-bg>\n\t\t\t\t\t\t\t<sr7-txt id=\"SR7_130_2-341-45\" class=\"sr7-layer\">Horsk\u00fd Apartman V Lomnici<\/sr7-txt>\n\t\t\t\t\t\t<\/sr7-slide>\n\t\t\t\t\t\t<sr7-slide id=\"SR7_130_2-342\" data-key=\"342\">\n\t\t\t\t\t\t<\/sr7-slide>\n\t\t\t\t\t<\/sr7-content>\n\t\t\t\t\t<image_lists style=\"display:none\">\n\t\t\t\t\t\t<img data-src=\"\/\/www.bymood.design\/wp-content\/uploads\/2026\/01\/06-scaled.jpg\" data-libid=\"3017\" data-lib=\"medialibrary\" alt=\"Ob\u00fdva\u010dka v apartm\u00e1ne v Lomnici \u2013 komfortn\u00e1 seda\u010dka, pr\u00edrodn\u00e9 t\u00f3ny a nad\u010dasov\u00e9 materi\u00e1ly | byMOOD design\" title=\"06Denn\u00e1 z\u00f3na \u2013 komfort a \u010dist\u00e9 l\u00ednie\" width=\"0\" height=\"0\" data-dbsrc=\"Ly93d3cuYnltb29kLmRlc2lnbi93cC1jb250ZW50L3VwbG9hZHMvMjAyNi8wMS8wNi1zY2FsZWQuanBn\"\/>\n\t\t\t\t\t<\/image_lists>\n\t\t\t\t<\/sr7-module>\n\t\t\t\t<script>\n\t\t\t\t\twindow.SR7??={}; SR7.PMH ??={}; SR7.PMH[\"SR7_130_2\"] = {cn:100,state:false,fn: function() { if (window._tpt!==undefined && window._tpt.prepareModuleHeight !== undefined) {  _tpt.prepareModuleHeight({id:\"SR7_130_2\",el:[900,900,768,960,720],type:'standard',gh:[900,900,768,960,720],gw:[1240,1240,1024,778,480],vpt:['-100px&#039;,&#039;-100px&#039;,&#039;-100px&#039;,&#039;-100px&#039;,&#039;-100px'],size:{fullWidth:true, fullHeight:true},fho:'',mh:'0',onh:0,onw:0,bg:{color:'{\"type\":\"solid\",\"orig\":\"#0c0c0c\",\"string\":\"rgba(12, 12, 12, 1)\"}'}});   SR7.PMH[\"SR7_130_2\"].state=true;} else if(SR7.PMH[\"SR7_130_2\"].cn-->0)\tsetTimeout( SR7.PMH[\"SR7_130_2\"].fn,19);}};SR7.PMH[\"SR7_130_2\" ].fn();\n\t\t\t\t<\/script>\n<\/div>\t\t\t\t<\/div>\n\t\t\t\t<div class=\"elementor-element elementor-element-2a73588f elementor-widget elementor-widget-spacer\" data-id=\"2a73588f\" data-element_type=\"widget\" data-e-type=\"widget\" data-widget_type=\"spacer.default\">\n\t\t\t\t\t\t\t<div class=\"elementor-spacer\">\n\t\t\t<div class=\"elementor-spacer-inner\"><\/div>\n\t\t<\/div>\n\t\t\t\t\t\t<\/div>\n\t\t\t\t\t<\/div>\n\t\t\t\t<\/div>\n\t\t<div class=\"elementor-element elementor-element-5bddb20e e-flex e-con-boxed e-con e-parent\" data-id=\"5bddb20e\" data-element_type=\"container\" data-e-type=\"container\">\n\t\t\t\t\t<div class=\"e-con-inner\">\n\t\t\t\t<div class=\"elementor-element elementor-element-5f33844 elementor-widget elementor-widget-heading\" data-id=\"5f33844\" data-element_type=\"widget\" data-e-type=\"widget\" data-widget_type=\"heading.default\">\n\t\t\t\t\t<h2 class=\"elementor-heading-title elementor-size-default\">Apartm\u00e1n Lomnica nad\u010dasov\u00fd interi\u00e9r s wellness a saunou<\/h2>\t\t\t\t<\/div>\n\t\t\t\t<div class=\"elementor-element elementor-element-bf0e4af elementor-widget elementor-widget-text-editor\" data-id=\"bf0e4af\" data-element_type=\"widget\" data-e-type=\"widget\" data-widget_type=\"text-editor.default\">\n\t\t\t\t\t\t\t\t\t<div>\n<p>Apartm\u00e1n v Lomnici vo Vysok\u00fdch Tatr\u00e1ch sme v byMOOD design navrhli ako pokojn\u00e9 \u00fato\u010disko, ktor\u00e9 prirodzene nadv\u00e4zuje na horsk\u00e9 prostredie a z\u00e1rove\u0148 pon\u00faka komfort modern\u00e9ho b\u00fdvania. Z\u00e1kladom konceptu je pr\u00e1ca s autentick\u00fdmi materi\u00e1lmi, tepl\u00fdm drevom, u\u0161\u013eachtil\u00fdmi neutr\u00e1lnymi povrchmi a tlmenou farebnos\u0165ou, v\u010faka ktorej interi\u00e9r nep\u00f4sob\u00ed sez\u00f3nne ani trendovo, ale dlhodobo nad\u010dasovo. U\u017e vstupn\u00e1 \u010das\u0165 nastavuje atmosf\u00e9ru domova: praktick\u00e1 lavi\u010dka na ob\u00favanie, ve\u013ekoform\u00e1tov\u00e9 zrkadlo a jemn\u00e9 ambientn\u00e9 svetlo v\u00edtaj\u00fa n\u00e1v\u0161tevn\u00edka bez vizu\u00e1lneho hluku a z\u00e1rove\u0148 zvy\u0161uj\u00fa pocit priestoru. Chodba je rie\u0161en\u00e1 ako \u010dist\u00e1 l\u00ednia s premyslen\u00fdmi prechodmi a skryt\u00fdmi dverami v obklade, aby technick\u00e9 z\u00e1zemie neru\u0161ilo celkov\u00fd dojem a aby bol interi\u00e9r \u013eahko udr\u017eiavate\u013en\u00fd aj pri intenz\u00edvnom pou\u017e\u00edvan\u00ed. D\u00f4le\u017eit\u00fd bol aj prv\u00fd kontakt s materi\u00e1lom a svetlom: povrchy s\u00fa zvolen\u00e9 tak, aby p\u00f4sobili prirodzene v dennom svetle aj ve\u010der a aby sa v priestore dobre \u201ed\u00fdchalo\u201c po n\u00e1vrate z h\u00f4r.<\/p>\n<\/div>\n<div>\n<p data-start=\"1253\" data-end=\"2250\">Denn\u00e1 z\u00f3na sp\u00e1ja ob\u00fdva\u010dku, jed\u00e1le\u0148 a kuchy\u0148u do jedn\u00e9ho s\u00favisl\u00e9ho celku, v ktorom sa v\u0161etko to\u010d\u00ed okolo pohodlia, jednoduchosti a jemn\u00fdch text\u00far. Kuchy\u0148a je navrhnut\u00e1 ako kompaktn\u00e1 vstavan\u00e1 zostava s minimalistick\u00fdmi plochami a premyslen\u00fdm \u00falo\u017en\u00fdm syst\u00e9mom, aby sa aj pri ka\u017edodennej prev\u00e1dzke udr\u017eala vizu\u00e1lna \u010distota. Pracovn\u00fd pult prirodzene nadv\u00e4zuje na jed\u00e1lensk\u00fa \u010das\u0165 a vytv\u00e1ra miesto na spolo\u010dn\u00e9 varenie, serv\u00edrovanie aj pomal\u00e9 ra\u0148ajky; jed\u00e1lensk\u00fd st\u00f4l dop\u013a\u0148a z\u00e1vesn\u00e9 svietidlo, ktor\u00e9 z\u00f3nu ukotvuje a ve\u010der zjemn\u00ed atmosf\u00e9ru tepl\u00fdm svetlom. Ob\u00fdva\u010dka je komponovan\u00e1 v pr\u00edrodn\u00fdch t\u00f3noch s d\u00f4razom na m\u00e4kk\u00e9 sedenie a pokojn\u00e9 l\u00ednie, aby vznikol \u201ehotelov\u00fd\u201c pocit bez chladnej sterility. Stena s TV je rie\u0161en\u00e1 \u010disto, no dop\u013a\u0148a ju skryt\u00e1 nika s \u00falo\u017en\u00fdm syst\u00e9mom na v\u00edno, ktor\u00e1 prid\u00e1va funkciu aj jemn\u00fd moment prekvapenia, pri\u010dom st\u00e1le re\u0161pektuje minimalizmus cel\u00e9ho konceptu. D\u00f4raz sme kl\u00e1dli aj na vrstvenie osvetlenia, aby bolo mo\u017en\u00e9 meni\u0165 n\u00e1ladu priestoru pod\u013ea dennej doby a aktu\u00e1lneho vyu\u017eitia.<\/p>\n<\/div>\n<div>\n<p data-start=\"2252\" data-end=\"3144\">Sp\u00e1lne sme navrhli ako tich\u00e9 miestnosti na regener\u00e1ciu, kde hr\u00e1 hlavn\u00fa \u00falohu komfort, akustick\u00e1 pohoda a kvalitn\u00e1 pr\u00e1ca so svetlom. Dreven\u00e9 obklady, panelovanie a text\u00farovan\u00e9 povrchy dop\u013a\u0148a skryt\u00e9 LED osvetlenie, ktor\u00e9 ve\u010der vytv\u00e1ra m\u00e4kk\u00fa atmosf\u00e9ru bez oslnenia a z\u00e1rove\u0148 zv\u00fdraz\u0148uje h\u013abku materi\u00e1lov. Stena oproti posteli funguje ako konzola alebo vanity z\u00f3na s odkladom a zrkadlom, aby bola rann\u00e1 rutina prirodzen\u00e1, no priestor ostal vizu\u00e1lne pokojn\u00fd. V detailoch pracujeme s podsvieten\u00fdmi policov\u00fdmi nikami, nen\u00e1padn\u00fdmi odkladac\u00edmi plochami a zelen\u00fdmi akcentmi, ktor\u00e9 zjem\u0148uj\u00fa kompoz\u00edciu a dod\u00e1vaj\u00fa interi\u00e9ru prirodzenos\u0165. V podkrovnej sp\u00e1lni sme vyu\u017eili \u0161ikminu ako charakterov\u00fd prvok a doplnili ju o pracovn\u00fd k\u00fat pri okne, aby apartm\u00e1n fungoval aj pri dlh\u0161\u00edch pobytoch. \u00dalo\u017en\u00e9 kapacity s\u00fa rie\u0161en\u00e9 vstavan\u00fdmi skri\u0148ami a \u010dist\u00fdmi plochami, ktor\u00e9 nep\u00f4sobia \u0165a\u017eko a z\u00e1rove\u0148 podporuj\u00fa poriadok.<\/p>\n<\/div>\n<div>\n<p data-start=\"3146\" data-end=\"4219\">K\u00fape\u013ene stoja na kontraste dreva a tmav\u00fdch ve\u013ekoform\u00e1tov\u00fdch povrchov, v\u010faka \u010domu p\u00f4sobia s\u00fa\u010dasne int\u00edmne aj elegantne, s d\u00f4razom na \u010dist\u00e9 l\u00ednie a jednoduch\u00fa \u00fadr\u017ebu. Okr\u00fahle zrkadl\u00e1, minimalistick\u00e9 um\u00fdvadlov\u00e9 rie\u0161enia a preh\u013eadn\u00e9 z\u00f3novanie prin\u00e1\u0161aj\u00fa pocit poriadku a hotelov\u00e9ho komfortu, pri\u010dom sprchov\u00e1 \u010das\u0165 pracuje so sklom a detailmi, ktor\u00e9 priestor opticky od\u013eah\u010duj\u00fa. V\u00fdraznou s\u00fa\u010das\u0165ou apartm\u00e1nu je wellness z\u00f3na so saunou, kde tepl\u00e9 drevo, pohodln\u00e9 lavice a jemn\u00e9 svetlo vytv\u00e1raj\u00fa s\u00fakromn\u00fa spa atmosf\u00e9ru po dni na hor\u00e1ch; nadv\u00e4zuj\u00faca sprcha v tmav\u00fdch t\u00f3noch podporuje dojem pr\u00e9miov\u00e9ho relaxu. Technick\u00e9 z\u00e1zemie je vyrie\u0161en\u00e9 v pr\u00e1\u010dovni ako kompaktnej miestnosti s pr\u00e1\u010dkou, su\u0161i\u010dkou, \u00falo\u017en\u00fdmi policami a z\u00f3nou na ve\u0161anie, aby ka\u017edodenn\u00e1 prev\u00e1dzka ostala preh\u013eadn\u00e1 a \u201enevidite\u013en\u00e1\u201c. Cel\u00fd n\u00e1vrh je postaven\u00fd tak, aby majite\u013e po pr\u00edchode do Tatier nemusel ni\u010d rie\u0161i\u0165: v\u0161etko m\u00e1 svoje miesto, svetlo sa spr\u00e1va prirodzene a materi\u00e1ly starn\u00fa s noblesou, pri\u010dom vizualiz\u00e1cie presne definuj\u00fa atmosf\u00e9ru aj detaily a tvoria pevn\u00fd z\u00e1klad pre realiz\u00e1ciu na k\u013e\u00fa\u010d v pr\u00e9miovom \u0161tandarde.<\/p>\n<\/div>\t\t\t\t\t\t\t\t<\/div>\n\t\t\t\t<div class=\"elementor-element elementor-element-ce25fbc elementor-widget elementor-widget-gallery\" data-id=\"ce25fbc\" data-element_type=\"widget\" data-e-type=\"widget\" data-settings=\"{&quot;gallery_layout&quot;:&quot;masonry&quot;,&quot;lazyload&quot;:&quot;yes&quot;,&quot;columns&quot;:4,&quot;columns_tablet&quot;:2,&quot;columns_mobile&quot;:1,&quot;gap&quot;:{&quot;unit&quot;:&quot;px&quot;,&quot;size&quot;:10,&quot;sizes&quot;:[]},&quot;gap_tablet&quot;:{&quot;unit&quot;:&quot;px&quot;,&quot;size&quot;:10,&quot;sizes&quot;:[]},&quot;gap_mobile&quot;:{&quot;unit&quot;:&quot;px&quot;,&quot;size&quot;:10,&quot;sizes&quot;:[]},&quot;link_to&quot;:&quot;file&quot;,&quot;overlay_background&quot;:&quot;yes&quot;,&quot;content_hover_animation&quot;:&quot;fade-in&quot;}\" data-widget_type=\"gallery.default\">\n\t\t\t\t\t\t\t<div class=\"elementor-gallery__container\">\n\t\t\t\t\t\t\t<a class=\"e-gallery-item elementor-gallery-item elementor-animated-content\" href=\"https:\/\/www.bymood.design\/wp-content\/uploads\/2026\/01\/02_living-room-08-scaled.jpg\" data-elementor-open-lightbox=\"yes\" data-elementor-lightbox-slideshow=\"ce25fbc\" data-elementor-lightbox-title=\"Ob\u00fdva\u010dka \u2013 TV stena\" data-elementor-lightbox-description=\"Vizualiz\u00e1cia modernej ob\u00fdva\u010dky s TV stenou, jemn\u00fdm ambientn\u00fdm osvetlen\u00edm a komfortn\u00fdm seden\u00edm v neutr\u00e1lnych farb\u00e1ch. N\u00e1vrh interi\u00e9ru byMOOD\" data-e-action-hash=\"#elementor-action%3Aaction%3Dlightbox%26settings%3DeyJpZCI6MzAxMSwidXJsIjoiaHR0cHM6XC9cL3d3dy5ieW1vb2QuZGVzaWduXC93cC1jb250ZW50XC91cGxvYWRzXC8yMDI2XC8wMVwvMDJfbGl2aW5nLXJvb20tMDgtc2NhbGVkLmpwZyIsInNsaWRlc2hvdyI6ImNlMjVmYmMifQ%3D%3D\">\n\t\t\t\t\t<div class=\"e-gallery-image elementor-gallery-item__image\" data-thumbnail=\"https:\/\/www.bymood.design\/wp-content\/uploads\/2026\/01\/02_living-room-08-300x169.jpg\" data-width=\"300\" data-height=\"169\" aria-label=\"Modern\u00e1 ob\u00fdva\u010dka Apartmanu v Lomnici\" role=\"img\" ><\/div>\n\t\t\t\t\t\t\t\t\t\t\t<div class=\"elementor-gallery-item__overlay\"><\/div>\n\t\t\t\t\t\t\t\t\t\t\t\t\t\t<\/a>\n\t\t\t\t\t\t\t<a class=\"e-gallery-item elementor-gallery-item elementor-animated-content\" href=\"https:\/\/www.bymood.design\/wp-content\/uploads\/2026\/01\/01-scaled.jpg\" data-elementor-open-lightbox=\"yes\" data-elementor-lightbox-slideshow=\"ce25fbc\" data-elementor-lightbox-title=\"Vstup \u2013 drevo a jemn\u00e9 ambientn\u00e9 svetlo\" data-elementor-lightbox-description=\"Vizualiz\u00e1cia vstupnej haly v apartm\u00e1ne v Lomnici (Vysok\u00e9 Tatry): pr\u00edrodn\u00e9 drevo, minimalistick\u00e9 rie\u0161enie a skryt\u00e9 LED osvetlenie pre pokojn\u00fd, hotelov\u00fd dojem. N\u00e1vrh interi\u00e9ru: byMOOD design\" data-e-action-hash=\"#elementor-action%3Aaction%3Dlightbox%26settings%3DeyJpZCI6MzAxMiwidXJsIjoiaHR0cHM6XC9cL3d3dy5ieW1vb2QuZGVzaWduXC93cC1jb250ZW50XC91cGxvYWRzXC8yMDI2XC8wMVwvMDEtc2NhbGVkLmpwZyIsInNsaWRlc2hvdyI6ImNlMjVmYmMifQ%3D%3D\">\n\t\t\t\t\t<div class=\"e-gallery-image elementor-gallery-item__image\" data-thumbnail=\"https:\/\/www.bymood.design\/wp-content\/uploads\/2026\/01\/01-300x169.jpg\" data-width=\"300\" data-height=\"169\" aria-label=\"Vstupn\u00e1 hala apartm\u00e1nu v Lomnici \u2013 drevo, skryt\u00e9 LED osvetlenie a \u010dist\u00e9 l\u00ednie | byMOOD design\" role=\"img\" ><\/div>\n\t\t\t\t\t\t\t\t\t\t\t<div class=\"elementor-gallery-item__overlay\"><\/div>\n\t\t\t\t\t\t\t\t\t\t\t\t\t\t<\/a>\n\t\t\t\t\t\t\t<a class=\"e-gallery-item elementor-gallery-item elementor-animated-content\" href=\"https:\/\/www.bymood.design\/wp-content\/uploads\/2026\/01\/02-scaled.jpg\" data-elementor-open-lightbox=\"yes\" data-elementor-lightbox-slideshow=\"ce25fbc\" data-elementor-lightbox-title=\"Vstup \u2013 \u00falo\u017en\u00fd detail a \u010dist\u00e9 l\u00ednie\" data-elementor-lightbox-description=\"Vizualiz\u00e1cia vstupnej \u010dasti apartm\u00e1nu v Lomnici (Vysok\u00e9 Tatry): tepl\u00e9 dreven\u00e9 povrchy, praktick\u00e9 otvoren\u00e9 police a nad\u010dasov\u00e9 minimalistick\u00e9 rie\u0161enie s d\u00f4razom na komfort a funk\u010dnos\u0165. N\u00e1vrh interi\u00e9ru: byMOOD design\" data-e-action-hash=\"#elementor-action%3Aaction%3Dlightbox%26settings%3DeyJpZCI6MzAxMywidXJsIjoiaHR0cHM6XC9cL3d3dy5ieW1vb2QuZGVzaWduXC93cC1jb250ZW50XC91cGxvYWRzXC8yMDI2XC8wMVwvMDItc2NhbGVkLmpwZyIsInNsaWRlc2hvdyI6ImNlMjVmYmMifQ%3D%3D\">\n\t\t\t\t\t<div class=\"e-gallery-image elementor-gallery-item__image\" data-thumbnail=\"https:\/\/www.bymood.design\/wp-content\/uploads\/2026\/01\/02-240x300.jpg\" data-width=\"240\" data-height=\"300\" aria-label=\"Vstupn\u00e1 \u010das\u0165 apartm\u00e1nu v Lomnici \u2013 dreven\u00fd obklad, otvoren\u00e9 police a minimalistick\u00e9 rie\u0161enie | byMOOD design\" role=\"img\" ><\/div>\n\t\t\t\t\t\t\t\t\t\t\t<div class=\"elementor-gallery-item__overlay\"><\/div>\n\t\t\t\t\t\t\t\t\t\t\t\t\t\t<\/a>\n\t\t\t\t\t\t\t<a class=\"e-gallery-item elementor-gallery-item elementor-animated-content\" href=\"https:\/\/www.bymood.design\/wp-content\/uploads\/2026\/01\/03-scaled.jpg\" data-elementor-open-lightbox=\"yes\" data-elementor-lightbox-slideshow=\"ce25fbc\" data-elementor-lightbox-title=\"Chodba \u2013 skryt\u00e9 dvere v obklade\" data-elementor-lightbox-description=\"Vizualiz\u00e1cia chodby vo vstupnej \u010dasti apartm\u00e1nu v Lomnici (Vysok\u00e9 Tatry) so skryt\u00fdmi dverami do pr\u00e1\u010dovne integrovan\u00fdmi do dreven\u00e9ho obkladu. Minimalistick\u00e9 rie\u0161enie s d\u00f4razom na \u010dist\u00e9 l\u00ednie, funk\u010dnos\u0165 a pokojn\u00fd vizu\u00e1lny dojem. byMOOD design\" data-e-action-hash=\"#elementor-action%3Aaction%3Dlightbox%26settings%3DeyJpZCI6MzAxNCwidXJsIjoiaHR0cHM6XC9cL3d3dy5ieW1vb2QuZGVzaWduXC93cC1jb250ZW50XC91cGxvYWRzXC8yMDI2XC8wMVwvMDMtc2NhbGVkLmpwZyIsInNsaWRlc2hvdyI6ImNlMjVmYmMifQ%3D%3D\">\n\t\t\t\t\t<div class=\"e-gallery-image elementor-gallery-item__image\" data-thumbnail=\"https:\/\/www.bymood.design\/wp-content\/uploads\/2026\/01\/03-240x300.jpg\" data-width=\"240\" data-height=\"300\" aria-label=\"Chodba v apartm\u00e1ne v Lomnici so skryt\u00fdmi dverami do pr\u00e1\u010dovne v drevenom obklade | byMOOD design\" role=\"img\" ><\/div>\n\t\t\t\t\t\t\t\t\t\t\t<div class=\"elementor-gallery-item__overlay\"><\/div>\n\t\t\t\t\t\t\t\t\t\t\t\t\t\t<\/a>\n\t\t\t\t\t\t\t<a class=\"e-gallery-item elementor-gallery-item elementor-animated-content\" href=\"https:\/\/www.bymood.design\/wp-content\/uploads\/2026\/01\/04-scaled.jpg\" data-elementor-open-lightbox=\"yes\" data-elementor-lightbox-slideshow=\"ce25fbc\" data-elementor-lightbox-title=\"Vstup \u2013 lavica, zrkadlo a tepl\u00e9 svetlo\" data-elementor-lightbox-description=\"Vizualiz\u00e1cia vstupnej z\u00f3ny v apartm\u00e1ne v Lomnici (Vysok\u00e9 Tatry): praktick\u00e1 lavica na ob\u00favanie, ve\u013ekoform\u00e1tov\u00e9 zrkadlo a jemn\u00e9 ambientn\u00e9 osvetlenie, ktor\u00e9 vytv\u00e1ra hotelov\u00fd dojem hne\u010f pri vstupe. byMOOD design.\" data-e-action-hash=\"#elementor-action%3Aaction%3Dlightbox%26settings%3DeyJpZCI6MzAxNSwidXJsIjoiaHR0cHM6XC9cL3d3dy5ieW1vb2QuZGVzaWduXC93cC1jb250ZW50XC91cGxvYWRzXC8yMDI2XC8wMVwvMDQtc2NhbGVkLmpwZyIsInNsaWRlc2hvdyI6ImNlMjVmYmMifQ%3D%3D\">\n\t\t\t\t\t<div class=\"e-gallery-image elementor-gallery-item__image\" data-thumbnail=\"https:\/\/www.bymood.design\/wp-content\/uploads\/2026\/01\/04-240x300.jpg\" data-width=\"240\" data-height=\"300\" aria-label=\"stupn\u00e1 z\u00f3na apartm\u00e1nu v Lomnici \u2013 lavica, ve\u013ek\u00e9 zrkadlo a ambientn\u00e9 osvetlenie | byMOOD design\" role=\"img\" ><\/div>\n\t\t\t\t\t\t\t\t\t\t\t<div class=\"elementor-gallery-item__overlay\"><\/div>\n\t\t\t\t\t\t\t\t\t\t\t\t\t\t<\/a>\n\t\t\t\t\t\t\t<a class=\"e-gallery-item elementor-gallery-item elementor-animated-content\" href=\"https:\/\/www.bymood.design\/wp-content\/uploads\/2026\/01\/05-scaled.jpg\" data-elementor-open-lightbox=\"yes\" data-elementor-lightbox-slideshow=\"ce25fbc\" data-elementor-lightbox-title=\"Ob\u00fdva\u010dka \u2013 TV stena a pokojn\u00e1 atmosf\u00e9ra\" data-elementor-lightbox-description=\"Vizualiz\u00e1cia ob\u00fdva\u010dky v apartm\u00e1ne v Lomnici (Vysok\u00e9 Tatry): TV stena, komfortn\u00e9 sedenie a jemn\u00e9 ambientn\u00e9 osvetlenie v neutr\u00e1lnych t\u00f3noch. Nad\u010dasov\u00e9 materi\u00e1ly a \u010dist\u00e9 l\u00ednie pre \u00fatuln\u00fd, hotelov\u00fd pocit. byMOOD design\" data-e-action-hash=\"#elementor-action%3Aaction%3Dlightbox%26settings%3DeyJpZCI6MzAxNiwidXJsIjoiaHR0cHM6XC9cL3d3dy5ieW1vb2QuZGVzaWduXC93cC1jb250ZW50XC91cGxvYWRzXC8yMDI2XC8wMVwvMDUtc2NhbGVkLmpwZyIsInNsaWRlc2hvdyI6ImNlMjVmYmMifQ%3D%3D\">\n\t\t\t\t\t<div class=\"e-gallery-image elementor-gallery-item__image\" data-thumbnail=\"https:\/\/www.bymood.design\/wp-content\/uploads\/2026\/01\/05-300x169.jpg\" data-width=\"300\" data-height=\"169\" aria-label=\"Ob\u00fdva\u010dka v apartm\u00e1ne v Lomnici \u2013 TV stena s krbom, neutr\u00e1lne t\u00f3ny a ambientn\u00e9 osvetlenie | byMOOD design\" role=\"img\" ><\/div>\n\t\t\t\t\t\t\t\t\t\t\t<div class=\"elementor-gallery-item__overlay\"><\/div>\n\t\t\t\t\t\t\t\t\t\t\t\t\t\t<\/a>\n\t\t\t\t\t\t\t<a class=\"e-gallery-item elementor-gallery-item elementor-animated-content\" href=\"https:\/\/www.bymood.design\/wp-content\/uploads\/2026\/01\/06-scaled.jpg\" data-elementor-open-lightbox=\"yes\" data-elementor-lightbox-slideshow=\"ce25fbc\" data-elementor-lightbox-title=\"06Denn\u00e1 z\u00f3na \u2013 komfort a \u010dist\u00e9 l\u00ednie\" data-elementor-lightbox-description=\"Vizualiz\u00e1cia dennej z\u00f3ny v apartm\u00e1ne v Lomnici (Vysok\u00e9 Tatry): pohodln\u00e1 seda\u010dka, pr\u00edrodn\u00e9 materi\u00e1ly a jemn\u00e1 paleta farieb, ktor\u00e1 podporuje pokoj a relax. Minimalistick\u00e9 rie\u0161enie s d\u00f4razom na komfort a atmosf\u00e9ru. byMOOD design.\" data-e-action-hash=\"#elementor-action%3Aaction%3Dlightbox%26settings%3DeyJpZCI6MzAxNywidXJsIjoiaHR0cHM6XC9cL3d3dy5ieW1vb2QuZGVzaWduXC93cC1jb250ZW50XC91cGxvYWRzXC8yMDI2XC8wMVwvMDYtc2NhbGVkLmpwZyIsInNsaWRlc2hvdyI6ImNlMjVmYmMifQ%3D%3D\">\n\t\t\t\t\t<div class=\"e-gallery-image elementor-gallery-item__image\" data-thumbnail=\"https:\/\/www.bymood.design\/wp-content\/uploads\/2026\/01\/06-300x169.jpg\" data-width=\"300\" data-height=\"169\" aria-label=\"Ob\u00fdva\u010dka v apartm\u00e1ne v Lomnici \u2013 komfortn\u00e1 seda\u010dka, pr\u00edrodn\u00e9 t\u00f3ny a nad\u010dasov\u00e9 materi\u00e1ly | byMOOD design\" role=\"img\" ><\/div>\n\t\t\t\t\t\t\t\t\t\t\t<div class=\"elementor-gallery-item__overlay\"><\/div>\n\t\t\t\t\t\t\t\t\t\t\t\t\t\t<\/a>\n\t\t\t\t\t\t\t<a class=\"e-gallery-item elementor-gallery-item elementor-animated-content\" href=\"https:\/\/www.bymood.design\/wp-content\/uploads\/2026\/01\/07-scaled.jpg\" data-elementor-open-lightbox=\"yes\" data-elementor-lightbox-slideshow=\"ce25fbc\" data-elementor-lightbox-title=\"Jed\u00e1le\u0148 \u2013 pr\u00edrodn\u00e9 materi\u00e1ly a tepl\u00e9 svetlo\" data-elementor-lightbox-description=\"Vizualiz\u00e1cia jed\u00e1lenskej z\u00f3ny v apartm\u00e1ne v Lomnici (Vysok\u00e9 Tatry): dreven\u00fd jed\u00e1lensk\u00fd st\u00f4l, komfortn\u00e9 stoli\u010dky a jemn\u00e9 z\u00e1vesn\u00e9 osvetlenie pre \u00fatuln\u00fa atmosf\u00e9ru. Nad\u010dasov\u00e9 rie\u0161enie v pr\u00edrodn\u00fdch t\u00f3noch s d\u00f4razom na pohodlie a funk\u010dnos\u0165. byMOOD design\" data-e-action-hash=\"#elementor-action%3Aaction%3Dlightbox%26settings%3DeyJpZCI6MzAxOCwidXJsIjoiaHR0cHM6XC9cL3d3dy5ieW1vb2QuZGVzaWduXC93cC1jb250ZW50XC91cGxvYWRzXC8yMDI2XC8wMVwvMDctc2NhbGVkLmpwZyIsInNsaWRlc2hvdyI6ImNlMjVmYmMifQ%3D%3D\">\n\t\t\t\t\t<div class=\"e-gallery-image elementor-gallery-item__image\" data-thumbnail=\"https:\/\/www.bymood.design\/wp-content\/uploads\/2026\/01\/07-300x169.jpg\" data-width=\"300\" data-height=\"169\" aria-label=\"ed\u00e1lensk\u00e1 z\u00f3na v apartm\u00e1ne v Lomnici \u2013 dreven\u00fd st\u00f4l, pohodln\u00e9 sedenie a z\u00e1vesn\u00e9 osvetlenie | byMOOD design\" role=\"img\" ><\/div>\n\t\t\t\t\t\t\t\t\t\t\t<div class=\"elementor-gallery-item__overlay\"><\/div>\n\t\t\t\t\t\t\t\t\t\t\t\t\t\t<\/a>\n\t\t\t\t\t\t\t<a class=\"e-gallery-item elementor-gallery-item elementor-animated-content\" href=\"https:\/\/www.bymood.design\/wp-content\/uploads\/2026\/01\/08-scaled.jpg\" data-elementor-open-lightbox=\"yes\" data-elementor-lightbox-slideshow=\"ce25fbc\" data-elementor-lightbox-title=\"Kuchy\u0148a \u2013 drevo a nad\u010dasov\u00e1 \u010distota\" data-elementor-lightbox-description=\"Vizualiz\u00e1cia kuchyne v apartm\u00e1ne v Lomnici (Vysok\u00e9 Tatry): vstavan\u00e1 kuchynsk\u00e1 zostava v dreve, kompaktn\u00e9 dispozi\u010dn\u00e9 rie\u0161enie a d\u00f4raz na funk\u010dnos\u0165 v ka\u017edodennom pou\u017e\u00edvan\u00ed. Minimalistick\u00fd dizajn s tepl\u00fdmi pr\u00edrodn\u00fdmi t\u00f3nmi. byMOOD design.\" data-e-action-hash=\"#elementor-action%3Aaction%3Dlightbox%26settings%3DeyJpZCI6MzAxOSwidXJsIjoiaHR0cHM6XC9cL3d3dy5ieW1vb2QuZGVzaWduXC93cC1jb250ZW50XC91cGxvYWRzXC8yMDI2XC8wMVwvMDgtc2NhbGVkLmpwZyIsInNsaWRlc2hvdyI6ImNlMjVmYmMifQ%3D%3D\">\n\t\t\t\t\t<div class=\"e-gallery-image elementor-gallery-item__image\" data-thumbnail=\"https:\/\/www.bymood.design\/wp-content\/uploads\/2026\/01\/08-240x300.jpg\" data-width=\"240\" data-height=\"300\" aria-label=\"Kuchy\u0148a v apartm\u00e1ne v Lomnici \u2013 vstavan\u00e1 zostava z dreva, minimalistick\u00e9 rie\u0161enie a \u010dist\u00e9 l\u00ednie | byMOOD design\" role=\"img\" ><\/div>\n\t\t\t\t\t\t\t\t\t\t\t<div class=\"elementor-gallery-item__overlay\"><\/div>\n\t\t\t\t\t\t\t\t\t\t\t\t\t\t<\/a>\n\t\t\t\t\t\t\t<a class=\"e-gallery-item elementor-gallery-item elementor-animated-content\" href=\"https:\/\/www.bymood.design\/wp-content\/uploads\/2026\/01\/09-scaled.jpg\" data-elementor-open-lightbox=\"yes\" data-elementor-lightbox-slideshow=\"ce25fbc\" data-elementor-lightbox-title=\"Kuchynsk\u00fd pult \u2013 detail materi\u00e1lov a svetla\" data-elementor-lightbox-description=\"Vizualiz\u00e1cia detailu kuchynsk\u00e9ho pultu v apartm\u00e1ne v Lomnici (Vysok\u00e9 Tatry): nad\u010dasov\u00e9 rie\u0161enie v pr\u00edrodn\u00fdch materi\u00e1loch, dreven\u00e9 povrchy a minimalistick\u00e9 l\u00ednie, ktor\u00e9 zjednocuj\u00fa denn\u00fa z\u00f3nu. Dizajn s d\u00f4razom na funk\u010dnos\u0165 a pokojn\u00fa atmosf\u00e9ru. byMOOD design\" data-e-action-hash=\"#elementor-action%3Aaction%3Dlightbox%26settings%3DeyJpZCI6MzAyMCwidXJsIjoiaHR0cHM6XC9cL3d3dy5ieW1vb2QuZGVzaWduXC93cC1jb250ZW50XC91cGxvYWRzXC8yMDI2XC8wMVwvMDktc2NhbGVkLmpwZyIsInNsaWRlc2hvdyI6ImNlMjVmYmMifQ%3D%3D\">\n\t\t\t\t\t<div class=\"e-gallery-image elementor-gallery-item__image\" data-thumbnail=\"https:\/\/www.bymood.design\/wp-content\/uploads\/2026\/01\/09-240x300.jpg\" data-width=\"240\" data-height=\"300\" aria-label=\"Denn\u00e1 z\u00f3na a kuchynsk\u00fd pult v apartm\u00e1ne v Lomnici \u2013 drevo, \u010dist\u00e9 l\u00ednie a pr\u00edrodn\u00e9 t\u00f3ny | byMOOD design\" role=\"img\" ><\/div>\n\t\t\t\t\t\t\t\t\t\t\t<div class=\"elementor-gallery-item__overlay\"><\/div>\n\t\t\t\t\t\t\t\t\t\t\t\t\t\t<\/a>\n\t\t\t\t\t\t\t<a class=\"e-gallery-item elementor-gallery-item elementor-animated-content\" href=\"https:\/\/www.bymood.design\/wp-content\/uploads\/2026\/01\/10-scaled.jpg\" data-elementor-open-lightbox=\"yes\" data-elementor-lightbox-slideshow=\"ce25fbc\" data-elementor-lightbox-title=\"Jed\u00e1le\u0148 \u2013 dizajnov\u00e9 svetlo a pr\u00edrodn\u00e9 materi\u00e1ly\" data-elementor-lightbox-description=\"Vizualiz\u00e1cia jed\u00e1lne v apartm\u00e1ne v Lomnici (Vysok\u00e9 Tatry): jed\u00e1lensk\u00fd st\u00f4l v pr\u00edrodn\u00fdch t\u00f3noch, komfortn\u00e9 sedenie a v\u00fdrazn\u00e9 z\u00e1vesn\u00e9 svietidlo, ktor\u00e9 tvor\u00ed atmosf\u00e9ru priestoru. Nad\u010dasov\u00e9 rie\u0161enie s d\u00f4razom na pohodlie a \u010dist\u00e9 l\u00ednie. byMOOD design.\" data-e-action-hash=\"#elementor-action%3Aaction%3Dlightbox%26settings%3DeyJpZCI6MzAyMSwidXJsIjoiaHR0cHM6XC9cL3d3dy5ieW1vb2QuZGVzaWduXC93cC1jb250ZW50XC91cGxvYWRzXC8yMDI2XC8wMVwvMTAtc2NhbGVkLmpwZyIsInNsaWRlc2hvdyI6ImNlMjVmYmMifQ%3D%3D\">\n\t\t\t\t\t<div class=\"e-gallery-image elementor-gallery-item__image\" data-thumbnail=\"https:\/\/www.bymood.design\/wp-content\/uploads\/2026\/01\/10-240x300.jpg\" data-width=\"240\" data-height=\"300\" aria-label=\"ed\u00e1le\u0148 v apartm\u00e1ne v Lomnici \u2013 dreven\u00fd jed\u00e1lensk\u00fd st\u00f4l, pohodln\u00e9 stoli\u010dky a dizajnov\u00e9 z\u00e1vesn\u00e9 svietidlo | byMOOD design\" role=\"img\" ><\/div>\n\t\t\t\t\t\t\t\t\t\t\t<div class=\"elementor-gallery-item__overlay\"><\/div>\n\t\t\t\t\t\t\t\t\t\t\t\t\t\t<\/a>\n\t\t\t\t\t\t\t<a class=\"e-gallery-item elementor-gallery-item elementor-animated-content\" href=\"https:\/\/www.bymood.design\/wp-content\/uploads\/2026\/01\/11-scaled.jpg\" data-elementor-open-lightbox=\"yes\" data-elementor-lightbox-slideshow=\"ce25fbc\" data-elementor-lightbox-title=\"Jed\u00e1lensk\u00fd detail \u2013 komfortn\u00e9 sedenie a svetlo\" data-elementor-lightbox-description=\"Vizualiz\u00e1cia detailu jed\u00e1lenskej z\u00f3ny v apartm\u00e1ne v Lomnici (Vysok\u00e9 Tatry): pr\u00edrodn\u00e9 materi\u00e1ly, pohodln\u00e9 sedenie a jemn\u00e9 z\u00f3novanie svetlom, ktor\u00e9 dotv\u00e1ra \u00fatuln\u00fa atmosf\u00e9ru. Minimalistick\u00e9 rie\u0161enie s d\u00f4razom na funk\u010dnos\u0165 a nad\u010dasov\u00fd dizajn. byMOOD design\" data-e-action-hash=\"#elementor-action%3Aaction%3Dlightbox%26settings%3DeyJpZCI6MzAyMiwidXJsIjoiaHR0cHM6XC9cL3d3dy5ieW1vb2QuZGVzaWduXC93cC1jb250ZW50XC91cGxvYWRzXC8yMDI2XC8wMVwvMTEtc2NhbGVkLmpwZyIsInNsaWRlc2hvdyI6ImNlMjVmYmMifQ%3D%3D\">\n\t\t\t\t\t<div class=\"e-gallery-image elementor-gallery-item__image\" data-thumbnail=\"https:\/\/www.bymood.design\/wp-content\/uploads\/2026\/01\/11-240x300.jpg\" data-width=\"240\" data-height=\"300\" aria-label=\"Jed\u00e1lensk\u00e1 z\u00f3na v apartm\u00e1ne v Lomnici \u2013 detail stola, stoli\u010diek a z\u00e1vesn\u00e9ho svietidla v pr\u00edrodn\u00fdch t\u00f3noch | byMOOD design\" role=\"img\" ><\/div>\n\t\t\t\t\t\t\t\t\t\t\t<div class=\"elementor-gallery-item__overlay\"><\/div>\n\t\t\t\t\t\t\t\t\t\t\t\t\t\t<\/a>\n\t\t\t\t\t\t\t<a class=\"e-gallery-item elementor-gallery-item elementor-animated-content\" href=\"https:\/\/www.bymood.design\/wp-content\/uploads\/2026\/01\/12-scaled.jpg\" data-elementor-open-lightbox=\"yes\" data-elementor-lightbox-slideshow=\"ce25fbc\" data-elementor-lightbox-title=\"Ob\u00fdva\u010dka \u2013 \u00fatulnos\u0165 v pr\u00edrodn\u00fdch t\u00f3noch\" data-elementor-lightbox-description=\"Vizualiz\u00e1cia ob\u00fdva\u010dky v apartm\u00e1ne v Lomnici (Vysok\u00e9 Tatry): komfortn\u00e9 sedenie, jemn\u00e1 paleta farieb a nad\u010dasov\u00e9 materi\u00e1ly, ktor\u00e9 vytv\u00e1raj\u00fa pokojn\u00fd, hotelov\u00fd pocit. Minimalistick\u00e9 rie\u0161enie s d\u00f4razom na relax a atmosf\u00e9ru. byMOOD design\" data-e-action-hash=\"#elementor-action%3Aaction%3Dlightbox%26settings%3DeyJpZCI6MzAyMywidXJsIjoiaHR0cHM6XC9cL3d3dy5ieW1vb2QuZGVzaWduXC93cC1jb250ZW50XC91cGxvYWRzXC8yMDI2XC8wMVwvMTItc2NhbGVkLmpwZyIsInNsaWRlc2hvdyI6ImNlMjVmYmMifQ%3D%3D\">\n\t\t\t\t\t<div class=\"e-gallery-image elementor-gallery-item__image\" data-thumbnail=\"https:\/\/www.bymood.design\/wp-content\/uploads\/2026\/01\/12-240x300.jpg\" data-width=\"240\" data-height=\"300\" aria-label=\"Ob\u00fdva\u010dka v apartm\u00e1ne v Lomnici \u2013 pohodln\u00e1 seda\u010dka, pr\u00edrodn\u00e9 materi\u00e1ly a neutr\u00e1lne t\u00f3ny | byMOOD design\" role=\"img\" ><\/div>\n\t\t\t\t\t\t\t\t\t\t\t<div class=\"elementor-gallery-item__overlay\"><\/div>\n\t\t\t\t\t\t\t\t\t\t\t\t\t\t<\/a>\n\t\t\t\t\t\t\t<a class=\"e-gallery-item elementor-gallery-item elementor-animated-content\" href=\"https:\/\/www.bymood.design\/wp-content\/uploads\/2026\/01\/13-scaled.jpg\" data-elementor-open-lightbox=\"yes\" data-elementor-lightbox-slideshow=\"ce25fbc\" data-elementor-lightbox-title=\"13\" data-e-action-hash=\"#elementor-action%3Aaction%3Dlightbox%26settings%3DeyJpZCI6MzAyNCwidXJsIjoiaHR0cHM6XC9cL3d3dy5ieW1vb2QuZGVzaWduXC93cC1jb250ZW50XC91cGxvYWRzXC8yMDI2XC8wMVwvMTMtc2NhbGVkLmpwZyIsInNsaWRlc2hvdyI6ImNlMjVmYmMifQ%3D%3D\">\n\t\t\t\t\t<div class=\"e-gallery-image elementor-gallery-item__image\" data-thumbnail=\"https:\/\/www.bymood.design\/wp-content\/uploads\/2026\/01\/13-240x300.jpg\" data-width=\"240\" data-height=\"300\" aria-label=\"\" role=\"img\" ><\/div>\n\t\t\t\t\t\t\t\t\t\t\t<div class=\"elementor-gallery-item__overlay\"><\/div>\n\t\t\t\t\t\t\t\t\t\t\t\t\t\t<\/a>\n\t\t\t\t\t\t\t<a class=\"e-gallery-item elementor-gallery-item elementor-animated-content\" href=\"https:\/\/www.bymood.design\/wp-content\/uploads\/2026\/01\/14-scaled.jpg\" data-elementor-open-lightbox=\"yes\" data-elementor-lightbox-slideshow=\"ce25fbc\" data-elementor-lightbox-title=\"Jed\u00e1le\u0148 \u2013 prirodzen\u00e9 materi\u00e1ly a svetlo\" data-elementor-lightbox-description=\"Vizualiz\u00e1cia jed\u00e1lenskej z\u00f3ny v apartm\u00e1ne v Lomnici (Vysok\u00e9 Tatry): jed\u00e1lensk\u00fd st\u00f4l v pr\u00edrodn\u00fdch t\u00f3noch, komfortn\u00e9 sedenie a v\u00fdrazn\u00e9 z\u00e1vesn\u00e9 svietidlo, ktor\u00e9 tvor\u00ed atmosf\u00e9ru dennej z\u00f3ny. Nad\u010dasov\u00e9 rie\u0161enie s \u010dist\u00fdmi l\u00edniami. byMOOD design\" data-e-action-hash=\"#elementor-action%3Aaction%3Dlightbox%26settings%3DeyJpZCI6MzAyNSwidXJsIjoiaHR0cHM6XC9cL3d3dy5ieW1vb2QuZGVzaWduXC93cC1jb250ZW50XC91cGxvYWRzXC8yMDI2XC8wMVwvMTQtc2NhbGVkLmpwZyIsInNsaWRlc2hvdyI6ImNlMjVmYmMifQ%3D%3D\">\n\t\t\t\t\t<div class=\"e-gallery-image elementor-gallery-item__image\" data-thumbnail=\"https:\/\/www.bymood.design\/wp-content\/uploads\/2026\/01\/14-240x300.jpg\" data-width=\"240\" data-height=\"300\" aria-label=\"Jed\u00e1lensk\u00e1 z\u00f3na v apartm\u00e1ne v Lomnici \u2013 dreven\u00fd st\u00f4l, pohodln\u00e9 stoli\u010dky a dizajnov\u00e9 osvetlenie | byMOOD design\" role=\"img\" ><\/div>\n\t\t\t\t\t\t\t\t\t\t\t<div class=\"elementor-gallery-item__overlay\"><\/div>\n\t\t\t\t\t\t\t\t\t\t\t\t\t\t<\/a>\n\t\t\t\t\t\t\t<a class=\"e-gallery-item elementor-gallery-item elementor-animated-content\" href=\"https:\/\/www.bymood.design\/wp-content\/uploads\/2026\/01\/15-scaled.jpg\" data-elementor-open-lightbox=\"yes\" data-elementor-lightbox-slideshow=\"ce25fbc\" data-elementor-lightbox-title=\"TV stena \u2013 podsvieten\u00e1 nika na v\u00edno\" data-elementor-lightbox-description=\"Vizualiz\u00e1cia niky za TV stenou v apartm\u00e1ne v Lomnici (Vysok\u00e9 Tatry): integrovan\u00fd \u00falo\u017en\u00fd syst\u00e9m na v\u00edno s podsvieten\u00fdmi policami a dreven\u00fdmi povrchmi. Detail, ktor\u00fd sp\u00e1ja funk\u010dnos\u0165, atmosf\u00e9ru a \u010dist\u00e9 minimalistick\u00e9 l\u00ednie. byMOOD design.\" data-e-action-hash=\"#elementor-action%3Aaction%3Dlightbox%26settings%3DeyJpZCI6MzAyNiwidXJsIjoiaHR0cHM6XC9cL3d3dy5ieW1vb2QuZGVzaWduXC93cC1jb250ZW50XC91cGxvYWRzXC8yMDI2XC8wMVwvMTUtc2NhbGVkLmpwZyIsInNsaWRlc2hvdyI6ImNlMjVmYmMifQ%3D%3D\">\n\t\t\t\t\t<div class=\"e-gallery-image elementor-gallery-item__image\" data-thumbnail=\"https:\/\/www.bymood.design\/wp-content\/uploads\/2026\/01\/15-240x300.jpg\" data-width=\"240\" data-height=\"300\" aria-label=\"Nika za TV stenou v apartm\u00e1ne v Lomnici \u2013 \u00falo\u017en\u00fd syst\u00e9m na v\u00edno a podsvieten\u00e9 police | byMOOD design\" role=\"img\" ><\/div>\n\t\t\t\t\t\t\t\t\t\t\t<div class=\"elementor-gallery-item__overlay\"><\/div>\n\t\t\t\t\t\t\t\t\t\t\t\t\t\t<\/a>\n\t\t\t\t\t\t\t<a class=\"e-gallery-item elementor-gallery-item elementor-animated-content\" href=\"https:\/\/www.bymood.design\/wp-content\/uploads\/2026\/01\/16-scaled.jpg\" data-elementor-open-lightbox=\"yes\" data-elementor-lightbox-slideshow=\"ce25fbc\" data-elementor-lightbox-title=\"Sp\u00e1l\u0148a \u2013 stena oproti posteli s jemn\u00fdm svetlom\" data-elementor-lightbox-description=\"Vizualiz\u00e1cia steny oproti posteli v sp\u00e1lni apartm\u00e1nu v Lomnici (Vysok\u00e9 Tatry): konzolov\u00fd stol\u00edk\/odkladacia plocha, text\u00farovan\u00e9 povrchy a skryt\u00e9 LED podsvietenie, ktor\u00e9 vytv\u00e1ra pokojn\u00fa atmosf\u00e9ru a hotelov\u00fd komfort. byMOOD design\" data-e-action-hash=\"#elementor-action%3Aaction%3Dlightbox%26settings%3DeyJpZCI6MzAyNywidXJsIjoiaHR0cHM6XC9cL3d3dy5ieW1vb2QuZGVzaWduXC93cC1jb250ZW50XC91cGxvYWRzXC8yMDI2XC8wMVwvMTYtc2NhbGVkLmpwZyIsInNsaWRlc2hvdyI6ImNlMjVmYmMifQ%3D%3D\">\n\t\t\t\t\t<div class=\"e-gallery-image elementor-gallery-item__image\" data-thumbnail=\"https:\/\/www.bymood.design\/wp-content\/uploads\/2026\/01\/16-300x169.jpg\" data-width=\"300\" data-height=\"169\" aria-label=\"Stena oproti posteli v sp\u00e1lni apartm\u00e1nu v Lomnici \u2013 konzola, text\u00farovan\u00e1 stena a tepl\u00e9 LED podsvietenie | byMOOD design\" role=\"img\" ><\/div>\n\t\t\t\t\t\t\t\t\t\t\t<div class=\"elementor-gallery-item__overlay\"><\/div>\n\t\t\t\t\t\t\t\t\t\t\t\t\t\t<\/a>\n\t\t\t\t\t\t\t<a class=\"e-gallery-item elementor-gallery-item elementor-animated-content\" href=\"https:\/\/www.bymood.design\/wp-content\/uploads\/2026\/01\/17-scaled.jpg\" data-elementor-open-lightbox=\"yes\" data-elementor-lightbox-slideshow=\"ce25fbc\" data-elementor-lightbox-title=\"Sp\u00e1l\u0148a \u2013 pokoj, drevo a m\u00e4kk\u00e9 svetlo\" data-elementor-lightbox-description=\"Vizualiz\u00e1cia sp\u00e1lne v apartm\u00e1ne v Lomnici (Vysok\u00e9 Tatry): dreven\u00fd obklad na stene, komfortn\u00e1 poste\u013e a jemn\u00e9 ambientn\u00e9 osvetlenie, ktor\u00e9 vytv\u00e1ra \u00fatuln\u00fd, hotelov\u00fd pocit. Nad\u010dasov\u00e9 rie\u0161enie v pr\u00edrodn\u00fdch t\u00f3noch s d\u00f4razom na komfort. byMOOD design\" data-e-action-hash=\"#elementor-action%3Aaction%3Dlightbox%26settings%3DeyJpZCI6MzAyOCwidXJsIjoiaHR0cHM6XC9cL3d3dy5ieW1vb2QuZGVzaWduXC93cC1jb250ZW50XC91cGxvYWRzXC8yMDI2XC8wMVwvMTctc2NhbGVkLmpwZyIsInNsaWRlc2hvdyI6ImNlMjVmYmMifQ%3D%3D\">\n\t\t\t\t\t<div class=\"e-gallery-image elementor-gallery-item__image\" data-thumbnail=\"https:\/\/www.bymood.design\/wp-content\/uploads\/2026\/01\/17-300x169.jpg\" data-width=\"300\" data-height=\"169\" aria-label=\"Sp\u00e1l\u0148a v apartm\u00e1ne v Lomnici \u2013 poste\u013e, dreven\u00fd obklad a neutr\u00e1lne t\u00f3ny s ambientn\u00fdm osvetlen\u00edm | byMOOD design\" role=\"img\" ><\/div>\n\t\t\t\t\t\t\t\t\t\t\t<div class=\"elementor-gallery-item__overlay\"><\/div>\n\t\t\t\t\t\t\t\t\t\t\t\t\t\t<\/a>\n\t\t\t\t\t\t\t<a class=\"e-gallery-item elementor-gallery-item elementor-animated-content\" href=\"https:\/\/www.bymood.design\/wp-content\/uploads\/2026\/01\/18-scaled.jpg\" data-elementor-open-lightbox=\"yes\" data-elementor-lightbox-slideshow=\"ce25fbc\" data-elementor-lightbox-title=\"Sp\u00e1l\u0148a \u2013 hotelov\u00fd komfort v pr\u00edrodn\u00fdch t\u00f3noch\" data-elementor-lightbox-description=\"Vizualiz\u00e1cia sp\u00e1lne v apartm\u00e1ne v Lomnici (Vysok\u00e9 Tatry): dreven\u00e9 povrchy, \u010dist\u00e9 l\u00ednie a skryt\u00e9 LED osvetlenie, ktor\u00e9 dod\u00e1va priestoru pokoj a \u00fatulnos\u0165. Premyslen\u00e9 z\u00f3novanie steny oproti posteli vytv\u00e1ra praktick\u00fd odklad a atmosf\u00e9ru. byMOOD design.\" data-e-action-hash=\"#elementor-action%3Aaction%3Dlightbox%26settings%3DeyJpZCI6MzAyOSwidXJsIjoiaHR0cHM6XC9cL3d3dy5ieW1vb2QuZGVzaWduXC93cC1jb250ZW50XC91cGxvYWRzXC8yMDI2XC8wMVwvMTgtc2NhbGVkLmpwZyIsInNsaWRlc2hvdyI6ImNlMjVmYmMifQ%3D%3D\">\n\t\t\t\t\t<div class=\"e-gallery-image elementor-gallery-item__image\" data-thumbnail=\"https:\/\/www.bymood.design\/wp-content\/uploads\/2026\/01\/18-300x169.jpg\" data-width=\"300\" data-height=\"169\" aria-label=\"Sp\u00e1l\u0148a v apartm\u00e1ne v Lomnici \u2013 dreven\u00fd obklad, stena oproti posteli a tepl\u00e9 ambientn\u00e9 osvetlenie | byMOOD design\" role=\"img\" ><\/div>\n\t\t\t\t\t\t\t\t\t\t\t<div class=\"elementor-gallery-item__overlay\"><\/div>\n\t\t\t\t\t\t\t\t\t\t\t\t\t\t<\/a>\n\t\t\t\t\t\t\t<a class=\"e-gallery-item elementor-gallery-item elementor-animated-content\" href=\"https:\/\/www.bymood.design\/wp-content\/uploads\/2026\/01\/19-scaled.jpg\" data-elementor-open-lightbox=\"yes\" data-elementor-lightbox-slideshow=\"ce25fbc\" data-elementor-lightbox-title=\"Sp\u00e1l\u0148a \u2013 detail so zele\u0148ou a svetlom\" data-elementor-lightbox-description=\"Vizualiz\u00e1cia detailu sp\u00e1lne v apartm\u00e1ne v Lomnici (Vysok\u00e9 Tatry): pr\u00edrodn\u00e9 drevo, jemn\u00e9 LED podsvietenie a zelen\u00fd akcent, ktor\u00fd zjem\u0148uje minimalistick\u00fd interi\u00e9r a podporuje relax. Nad\u010dasov\u00e9 rie\u0161enie s d\u00f4razom na atmosf\u00e9ru a materi\u00e1ly. byMOOD design\" data-e-action-hash=\"#elementor-action%3Aaction%3Dlightbox%26settings%3DeyJpZCI6MzAzMCwidXJsIjoiaHR0cHM6XC9cL3d3dy5ieW1vb2QuZGVzaWduXC93cC1jb250ZW50XC91cGxvYWRzXC8yMDI2XC8wMVwvMTktc2NhbGVkLmpwZyIsInNsaWRlc2hvdyI6ImNlMjVmYmMifQ%3D%3D\">\n\t\t\t\t\t<div class=\"e-gallery-image elementor-gallery-item__image\" data-thumbnail=\"https:\/\/www.bymood.design\/wp-content\/uploads\/2026\/01\/19-240x300.jpg\" data-width=\"240\" data-height=\"300\" aria-label=\"Detail rohu sp\u00e1lne v apartm\u00e1ne v Lomnici \u2013 zele\u0148, dreven\u00fd obklad a tepl\u00e9 ambientn\u00e9 osvetlenie | byMOOD design\" role=\"img\" ><\/div>\n\t\t\t\t\t\t\t\t\t\t\t<div class=\"elementor-gallery-item__overlay\"><\/div>\n\t\t\t\t\t\t\t\t\t\t\t\t\t\t<\/a>\n\t\t\t\t\t\t\t<a class=\"e-gallery-item elementor-gallery-item elementor-animated-content\" href=\"https:\/\/www.bymood.design\/wp-content\/uploads\/2026\/01\/20-scaled.jpg\" data-elementor-open-lightbox=\"yes\" data-elementor-lightbox-slideshow=\"ce25fbc\" data-elementor-lightbox-title=\"Sp\u00e1l\u0148a \u2013 drevo, svetlo a pokoj\" data-elementor-lightbox-description=\"Vizualiz\u00e1cia sp\u00e1lne v apartm\u00e1ne v Lomnici (Vysok\u00e9 Tatry): dreven\u00fd obklad na stene, komfortn\u00e1 poste\u013e a jemn\u00e9 z\u00e1vesn\u00e9 osvetlenie, ktor\u00e9 vytv\u00e1ra \u00fatuln\u00fd, hotelov\u00fd pocit. Nad\u010dasov\u00e9 rie\u0161enie v pr\u00edrodn\u00fdch t\u00f3noch s d\u00f4razom na relax. byMOOD design\" data-e-action-hash=\"#elementor-action%3Aaction%3Dlightbox%26settings%3DeyJpZCI6MzAzMSwidXJsIjoiaHR0cHM6XC9cL3d3dy5ieW1vb2QuZGVzaWduXC93cC1jb250ZW50XC91cGxvYWRzXC8yMDI2XC8wMVwvMjAtc2NhbGVkLmpwZyIsInNsaWRlc2hvdyI6ImNlMjVmYmMifQ%3D%3D\">\n\t\t\t\t\t<div class=\"e-gallery-image elementor-gallery-item__image\" data-thumbnail=\"https:\/\/www.bymood.design\/wp-content\/uploads\/2026\/01\/20-240x300.jpg\" data-width=\"240\" data-height=\"300\" aria-label=\"Sp\u00e1l\u0148a v apartm\u00e1ne v Lomnici \u2013 dreven\u00fd obklad, z\u00e1vesn\u00e9 svietidl\u00e1 a neutr\u00e1lne t\u00f3ny s tepl\u00fdm osvetlen\u00edm | byMOOD design\" role=\"img\" ><\/div>\n\t\t\t\t\t\t\t\t\t\t\t<div class=\"elementor-gallery-item__overlay\"><\/div>\n\t\t\t\t\t\t\t\t\t\t\t\t\t\t<\/a>\n\t\t\t\t\t\t\t<a class=\"e-gallery-item elementor-gallery-item elementor-animated-content\" href=\"https:\/\/www.bymood.design\/wp-content\/uploads\/2026\/01\/21-scaled.jpg\" data-elementor-open-lightbox=\"yes\" data-elementor-lightbox-slideshow=\"ce25fbc\" data-elementor-lightbox-title=\"Sp\u00e1l\u0148a \u2013 konzola a tepl\u00e9 ambientn\u00e9 svetlo\" data-elementor-lightbox-description=\"Vizualiz\u00e1cia steny oproti posteli v sp\u00e1lni apartm\u00e1nu v Lomnici (Vysok\u00e9 Tatry): konzolov\u00fd stol\u00edk\/odkladacia plocha, text\u00farovan\u00e9 povrchy a skryt\u00e9 LED osvetlenie pre pokojn\u00fa atmosf\u00e9ru a hotelov\u00fd komfort. Detail v pr\u00edrodn\u00fdch materi\u00e1loch s \u010dist\u00fdmi l\u00edniami. byMOOD design\" data-e-action-hash=\"#elementor-action%3Aaction%3Dlightbox%26settings%3DeyJpZCI6MzAzMiwidXJsIjoiaHR0cHM6XC9cL3d3dy5ieW1vb2QuZGVzaWduXC93cC1jb250ZW50XC91cGxvYWRzXC8yMDI2XC8wMVwvMjEtc2NhbGVkLmpwZyIsInNsaWRlc2hvdyI6ImNlMjVmYmMifQ%3D%3D\">\n\t\t\t\t\t<div class=\"e-gallery-image elementor-gallery-item__image\" data-thumbnail=\"https:\/\/www.bymood.design\/wp-content\/uploads\/2026\/01\/21-240x300.jpg\" data-width=\"240\" data-height=\"300\" aria-label=\"Konzola oproti posteli v sp\u00e1lni apartm\u00e1nu v Lomnici \u2013 text\u00farovan\u00e1 stena a tepl\u00e9 LED podsvietenie | byMOOD design\" role=\"img\" ><\/div>\n\t\t\t\t\t\t\t\t\t\t\t<div class=\"elementor-gallery-item__overlay\"><\/div>\n\t\t\t\t\t\t\t\t\t\t\t\t\t\t<\/a>\n\t\t\t\t\t\t\t<a class=\"e-gallery-item elementor-gallery-item elementor-animated-content\" href=\"https:\/\/www.bymood.design\/wp-content\/uploads\/2026\/01\/22-scaled.jpg\" data-elementor-open-lightbox=\"yes\" data-elementor-lightbox-slideshow=\"ce25fbc\" data-elementor-lightbox-title=\"Sp\u00e1l\u0148a \u2013 detail konzoly so zrkadlom\" data-elementor-lightbox-description=\"Vizualiz\u00e1cia detailu konzoly v sp\u00e1lni apartm\u00e1nu v Lomnici (Vysok\u00e9 Tatry): zrkadlo, skryt\u00e9 LED osvetlenie a u\u0161\u013eachtil\u00e9 povrchy, ktor\u00e9 vytv\u00e1raj\u00fa pokojn\u00fd, hotelov\u00fd dojem. Minimalistick\u00e9 rie\u0161enie s d\u00f4razom na komfort a detail. byMOOD design\" data-e-action-hash=\"#elementor-action%3Aaction%3Dlightbox%26settings%3DeyJpZCI6MzAzMywidXJsIjoiaHR0cHM6XC9cL3d3dy5ieW1vb2QuZGVzaWduXC93cC1jb250ZW50XC91cGxvYWRzXC8yMDI2XC8wMVwvMjItc2NhbGVkLmpwZyIsInNsaWRlc2hvdyI6ImNlMjVmYmMifQ%3D%3D\">\n\t\t\t\t\t<div class=\"e-gallery-image elementor-gallery-item__image\" data-thumbnail=\"https:\/\/www.bymood.design\/wp-content\/uploads\/2026\/01\/22-240x300.jpg\" data-width=\"240\" data-height=\"300\" aria-label=\"Detail konzoly v sp\u00e1lni apartm\u00e1nu v Lomnici \u2013 zrkadlo, tepl\u00e9 LED podsvietenie a pr\u00edrodn\u00e9 materi\u00e1ly | byMOOD design\" role=\"img\" ><\/div>\n\t\t\t\t\t\t\t\t\t\t\t<div class=\"elementor-gallery-item__overlay\"><\/div>\n\t\t\t\t\t\t\t\t\t\t\t\t\t\t<\/a>\n\t\t\t\t\t\t\t<a class=\"e-gallery-item elementor-gallery-item elementor-animated-content\" href=\"https:\/\/www.bymood.design\/wp-content\/uploads\/2026\/01\/23-scaled.jpg\" data-elementor-open-lightbox=\"yes\" data-elementor-lightbox-slideshow=\"ce25fbc\" data-elementor-lightbox-title=\"Sp\u00e1l\u0148a \u2013 detail so zele\u0148ou a dekorom\" data-elementor-lightbox-description=\"Vizualiz\u00e1cia detailu sp\u00e1lne v apartm\u00e1ne v Lomnici (Vysok\u00e9 Tatry): odkladacia konzola, umeleck\u00fd\/dekora\u010dn\u00fd prvok na stene a zelen\u00fd akcent, ktor\u00e9 zjem\u0148uj\u00fa minimalistick\u00fd interi\u00e9r. Tepl\u00e9 ambientn\u00e9 osvetlenie vytv\u00e1ra pokojn\u00fd, hotelov\u00fd dojem. byMOOD design\" data-e-action-hash=\"#elementor-action%3Aaction%3Dlightbox%26settings%3DeyJpZCI6MzAzNCwidXJsIjoiaHR0cHM6XC9cL3d3dy5ieW1vb2QuZGVzaWduXC93cC1jb250ZW50XC91cGxvYWRzXC8yMDI2XC8wMVwvMjMtc2NhbGVkLmpwZyIsInNsaWRlc2hvdyI6ImNlMjVmYmMifQ%3D%3D\">\n\t\t\t\t\t<div class=\"e-gallery-image elementor-gallery-item__image\" data-thumbnail=\"https:\/\/www.bymood.design\/wp-content\/uploads\/2026\/01\/23-240x300.jpg\" data-width=\"240\" data-height=\"300\" aria-label=\"Detail sp\u00e1lne v apartm\u00e1ne v Lomnici \u2013 konzola, dekor na stene, zele\u0148 a tepl\u00e9 ambientn\u00e9 osvetlenie | byMOOD design\" role=\"img\" ><\/div>\n\t\t\t\t\t\t\t\t\t\t\t<div class=\"elementor-gallery-item__overlay\"><\/div>\n\t\t\t\t\t\t\t\t\t\t\t\t\t\t<\/a>\n\t\t\t\t\t\t\t<a class=\"e-gallery-item elementor-gallery-item elementor-animated-content\" href=\"https:\/\/www.bymood.design\/wp-content\/uploads\/2026\/01\/26-scaled.jpg\" data-elementor-open-lightbox=\"yes\" data-elementor-lightbox-slideshow=\"ce25fbc\" data-elementor-lightbox-title=\"K\u00fape\u013e\u0148a \u2013 kontrast dreva a tmav\u00fdch t\u00f3nov\" data-elementor-lightbox-description=\"Vizualiz\u00e1cia k\u00fape\u013ene v apartm\u00e1ne v Lomnici (Vysok\u00e9 Tatry): kombin\u00e1cia dreven\u00fdch obkladov a tmav\u00fdch povrchov, \u010dist\u00e9 l\u00ednie a nad\u010dasov\u00e9 sanit\u00e1rne rie\u0161enie pre hotelov\u00fd komfort. Minimalizmus s d\u00f4razom na atmosf\u00e9ru a praktickos\u0165. byMOOD design.\" data-e-action-hash=\"#elementor-action%3Aaction%3Dlightbox%26settings%3DeyJpZCI6MzAzNywidXJsIjoiaHR0cHM6XC9cL3d3dy5ieW1vb2QuZGVzaWduXC93cC1jb250ZW50XC91cGxvYWRzXC8yMDI2XC8wMVwvMjYtc2NhbGVkLmpwZyIsInNsaWRlc2hvdyI6ImNlMjVmYmMifQ%3D%3D\">\n\t\t\t\t\t<div class=\"e-gallery-image elementor-gallery-item__image\" data-thumbnail=\"https:\/\/www.bymood.design\/wp-content\/uploads\/2026\/01\/26-240x300.jpg\" data-width=\"240\" data-height=\"300\" aria-label=\"K\u00fape\u013e\u0148a v apartm\u00e1ne v Lomnici \u2013 tmav\u00e1 podlaha, dreven\u00e9 obklady a minimalistick\u00e1 WC z\u00f3na | byMOOD design\" role=\"img\" ><\/div>\n\t\t\t\t\t\t\t\t\t\t\t<div class=\"elementor-gallery-item__overlay\"><\/div>\n\t\t\t\t\t\t\t\t\t\t\t\t\t\t<\/a>\n\t\t\t\t\t\t\t<a class=\"e-gallery-item elementor-gallery-item elementor-animated-content\" href=\"https:\/\/www.bymood.design\/wp-content\/uploads\/2026\/01\/27-scaled.jpg\" data-elementor-open-lightbox=\"yes\" data-elementor-lightbox-slideshow=\"ce25fbc\" data-elementor-lightbox-title=\"K\u00fape\u013e\u0148a \u2013 okr\u00fahle zrkadlo a \u010dist\u00e9 l\u00ednie\" data-elementor-lightbox-description=\"Vizualiz\u00e1cia um\u00fdvadlovej z\u00f3ny k\u00fape\u013ene v apartm\u00e1ne v Lomnici (Vysok\u00e9 Tatry): okr\u00fahle zrkadlo, minimalistick\u00e9 um\u00fdvadlo a jemn\u00e9 ambientn\u00e9 osvetlenie, ktor\u00e9 vytv\u00e1ra hotelov\u00fd komfort. Nad\u010dasov\u00e9 materi\u00e1ly a \u010dist\u00e9 detaily. byMOOD design\" data-e-action-hash=\"#elementor-action%3Aaction%3Dlightbox%26settings%3DeyJpZCI6MzAzOCwidXJsIjoiaHR0cHM6XC9cL3d3dy5ieW1vb2QuZGVzaWduXC93cC1jb250ZW50XC91cGxvYWRzXC8yMDI2XC8wMVwvMjctc2NhbGVkLmpwZyIsInNsaWRlc2hvdyI6ImNlMjVmYmMifQ%3D%3D\">\n\t\t\t\t\t<div class=\"e-gallery-image elementor-gallery-item__image\" data-thumbnail=\"https:\/\/www.bymood.design\/wp-content\/uploads\/2026\/01\/27-240x300.jpg\" data-width=\"240\" data-height=\"300\" aria-label=\"Um\u00fdvadlov\u00e1 z\u00f3na k\u00fape\u013ene v apartm\u00e1ne v Lomnici \u2013 okr\u00fahle zrkadlo, minimalistick\u00e9 um\u00fdvadlo a tepl\u00e9 osvetlenie | byMOOD design\" role=\"img\" ><\/div>\n\t\t\t\t\t\t\t\t\t\t\t<div class=\"elementor-gallery-item__overlay\"><\/div>\n\t\t\t\t\t\t\t\t\t\t\t\t\t\t<\/a>\n\t\t\t\t\t\t\t<a class=\"e-gallery-item elementor-gallery-item elementor-animated-content\" href=\"https:\/\/www.bymood.design\/wp-content\/uploads\/2026\/01\/28-scaled.jpg\" data-elementor-open-lightbox=\"yes\" data-elementor-lightbox-slideshow=\"ce25fbc\" data-elementor-lightbox-title=\"K\u00fape\u013e\u0148a \u2013 sprcha v tmav\u00fdch t\u00f3noch\" data-elementor-lightbox-description=\"Vizualiz\u00e1cia sprchovej z\u00f3ny k\u00fape\u013ene v apartm\u00e1ne v Lomnici (Vysok\u00e9 Tatry): tmav\u00e9 obklady, sklenen\u00e9 prie\u010dky a \u010dist\u00e9 l\u00ednie doplnen\u00e9 o tepl\u00e9 dreven\u00e9 akcenty. Nad\u010dasov\u00e9 rie\u0161enie pre hotelov\u00fd komfort a jednoduch\u00fa \u00fadr\u017ebu. byMOOD design.\" data-e-action-hash=\"#elementor-action%3Aaction%3Dlightbox%26settings%3DeyJpZCI6MzAzOSwidXJsIjoiaHR0cHM6XC9cL3d3dy5ieW1vb2QuZGVzaWduXC93cC1jb250ZW50XC91cGxvYWRzXC8yMDI2XC8wMVwvMjgtc2NhbGVkLmpwZyIsInNsaWRlc2hvdyI6ImNlMjVmYmMifQ%3D%3D\">\n\t\t\t\t\t<div class=\"e-gallery-image elementor-gallery-item__image\" data-thumbnail=\"https:\/\/www.bymood.design\/wp-content\/uploads\/2026\/01\/28-240x300.jpg\" data-width=\"240\" data-height=\"300\" aria-label=\"Sprchov\u00e1 z\u00f3na k\u00fape\u013ene v apartm\u00e1ne v Lomnici \u2013 tmav\u00e9 obklady, sklenen\u00e1 stena a minimalistick\u00e9 rie\u0161enie | byMOOD design\" role=\"img\" ><\/div>\n\t\t\t\t\t\t\t\t\t\t\t<div class=\"elementor-gallery-item__overlay\"><\/div>\n\t\t\t\t\t\t\t\t\t\t\t\t\t\t<\/a>\n\t\t\t\t\t\t\t<a class=\"e-gallery-item elementor-gallery-item elementor-animated-content\" href=\"https:\/\/www.bymood.design\/wp-content\/uploads\/2026\/01\/29-scaled.jpg\" data-elementor-open-lightbox=\"yes\" data-elementor-lightbox-slideshow=\"ce25fbc\" data-elementor-lightbox-title=\"K\u00fape\u013e\u0148a \u2013 minimalizmus a praktick\u00fd detail\" data-elementor-lightbox-description=\"Vizualiz\u00e1cia k\u00fape\u013ene v apartm\u00e1ne v Lomnici (Vysok\u00e9 Tatry): kombin\u00e1cia dreven\u00fdch obkladov a tmavej podlahy, minimalistick\u00e9 sanit\u00e1rne prvky a funk\u010dn\u00e9 rie\u0161enie s d\u00f4razom na \u010distotu detailu a hotelov\u00fd komfort. byMOOD design\" data-e-action-hash=\"#elementor-action%3Aaction%3Dlightbox%26settings%3DeyJpZCI6MzA0MCwidXJsIjoiaHR0cHM6XC9cL3d3dy5ieW1vb2QuZGVzaWduXC93cC1jb250ZW50XC91cGxvYWRzXC8yMDI2XC8wMVwvMjktc2NhbGVkLmpwZyIsInNsaWRlc2hvdyI6ImNlMjVmYmMifQ%3D%3D\">\n\t\t\t\t\t<div class=\"e-gallery-image elementor-gallery-item__image\" data-thumbnail=\"https:\/\/www.bymood.design\/wp-content\/uploads\/2026\/01\/29-240x300.jpg\" data-width=\"240\" data-height=\"300\" aria-label=\"K\u00fape\u013e\u0148a v apartm\u00e1ne v Lomnici \u2013 dreven\u00e9 obklady, tmav\u00e1 podlaha a minimalistick\u00e1 WC z\u00f3na | byMOOD design\" role=\"img\" ><\/div>\n\t\t\t\t\t\t\t\t\t\t\t<div class=\"elementor-gallery-item__overlay\"><\/div>\n\t\t\t\t\t\t\t\t\t\t\t\t\t\t<\/a>\n\t\t\t\t\t\t\t<a class=\"e-gallery-item elementor-gallery-item elementor-animated-content\" href=\"https:\/\/www.bymood.design\/wp-content\/uploads\/2026\/01\/30-scaled.jpg\" data-elementor-open-lightbox=\"yes\" data-elementor-lightbox-slideshow=\"ce25fbc\" data-elementor-lightbox-title=\"Sauna \u2013 dom\u00e1ci wellness v dreve\" data-elementor-lightbox-description=\"Vizualiz\u00e1cia sauny v apartm\u00e1ne v Lomnici (Vysok\u00e9 Tatry): \u010dist\u00e9 dreven\u00e9 obklady, pohodln\u00e9 lavice a jemn\u00e9 osvetlenie pre maxim\u00e1lny relax. Nad\u010dasov\u00e9 wellness rie\u0161enie, ktor\u00e9 vytv\u00e1ra atmosf\u00e9ru s\u00fakromn\u00e9ho spa. byMOOD design\" data-e-action-hash=\"#elementor-action%3Aaction%3Dlightbox%26settings%3DeyJpZCI6MzA0MSwidXJsIjoiaHR0cHM6XC9cL3d3dy5ieW1vb2QuZGVzaWduXC93cC1jb250ZW50XC91cGxvYWRzXC8yMDI2XC8wMVwvMzAtc2NhbGVkLmpwZyIsInNsaWRlc2hvdyI6ImNlMjVmYmMifQ%3D%3D\">\n\t\t\t\t\t<div class=\"e-gallery-image elementor-gallery-item__image\" data-thumbnail=\"https:\/\/www.bymood.design\/wp-content\/uploads\/2026\/01\/30-240x300.jpg\" data-width=\"240\" data-height=\"300\" aria-label=\"Sauna v apartm\u00e1ne v Lomnici \u2013 dreven\u00fd interi\u00e9r, lavice a tepl\u00e9 ambientn\u00e9 osvetlenie | byMOOD design\" role=\"img\" ><\/div>\n\t\t\t\t\t\t\t\t\t\t\t<div class=\"elementor-gallery-item__overlay\"><\/div>\n\t\t\t\t\t\t\t\t\t\t\t\t\t\t<\/a>\n\t\t\t\t\t\t\t<a class=\"e-gallery-item elementor-gallery-item elementor-animated-content\" href=\"https:\/\/www.bymood.design\/wp-content\/uploads\/2026\/01\/31-scaled.jpg\" data-elementor-open-lightbox=\"yes\" data-elementor-lightbox-slideshow=\"ce25fbc\" data-elementor-lightbox-title=\"K\u00fape\u013e\u0148a \u2013 sprcha v tmav\u00fdch t\u00f3noch\" data-elementor-lightbox-description=\"Vizualiz\u00e1cia sprchovej z\u00f3ny v apartm\u00e1ne v Lomnici (Vysok\u00e9 Tatry): tmav\u00e9 ve\u013ekoform\u00e1tov\u00e9 obklady, sklenen\u00e9 prie\u010dky a \u010dist\u00e9 l\u00ednie, ktor\u00e9 p\u00f4sobia elegantne a nad\u010dasovo. Rie\u0161enie s d\u00f4razom na komfort, atmosf\u00e9ru a jednoduch\u00fa \u00fadr\u017ebu. byMOOD design\" data-e-action-hash=\"#elementor-action%3Aaction%3Dlightbox%26settings%3DeyJpZCI6MzA0MiwidXJsIjoiaHR0cHM6XC9cL3d3dy5ieW1vb2QuZGVzaWduXC93cC1jb250ZW50XC91cGxvYWRzXC8yMDI2XC8wMVwvMzEtc2NhbGVkLmpwZyIsInNsaWRlc2hvdyI6ImNlMjVmYmMifQ%3D%3D\">\n\t\t\t\t\t<div class=\"e-gallery-image elementor-gallery-item__image\" data-thumbnail=\"https:\/\/www.bymood.design\/wp-content\/uploads\/2026\/01\/31-240x300.jpg\" data-width=\"240\" data-height=\"300\" aria-label=\"Sprchov\u00e1 z\u00f3na k\u00fape\u013ene v apartm\u00e1ne v Lomnici \u2013 tmav\u00e9 obklady, sklenen\u00e1 stena a minimalistick\u00e9 rie\u0161enie | byMOOD design\" role=\"img\" ><\/div>\n\t\t\t\t\t\t\t\t\t\t\t<div class=\"elementor-gallery-item__overlay\"><\/div>\n\t\t\t\t\t\t\t\t\t\t\t\t\t\t<\/a>\n\t\t\t\t\t\t\t<a class=\"e-gallery-item elementor-gallery-item elementor-animated-content\" href=\"https:\/\/www.bymood.design\/wp-content\/uploads\/2026\/01\/32-scaled.jpg\" data-elementor-open-lightbox=\"yes\" data-elementor-lightbox-slideshow=\"ce25fbc\" data-elementor-lightbox-title=\"Wellness \u2013 sauna a sprcha v jednom priestore\" data-elementor-lightbox-description=\"Vizualiz\u00e1cia wellness z\u00f3ny v apartm\u00e1ne v Lomnici (Vysok\u00e9 Tatry): sauna v dreve, sprchov\u00e1 \u010das\u0165 s tmav\u00fdmi ve\u013ekoform\u00e1tov\u00fdmi obkladmi a \u010dist\u00fdmi sklenen\u00fdmi prie\u010dkami. Kontrast tepl\u00fdch a tmav\u00fdch materi\u00e1lov vytv\u00e1ra luxusn\u00fa spa atmosf\u00e9ru. byMOOD design.\" data-e-action-hash=\"#elementor-action%3Aaction%3Dlightbox%26settings%3DeyJpZCI6MzA0MywidXJsIjoiaHR0cHM6XC9cL3d3dy5ieW1vb2QuZGVzaWduXC93cC1jb250ZW50XC91cGxvYWRzXC8yMDI2XC8wMVwvMzItc2NhbGVkLmpwZyIsInNsaWRlc2hvdyI6ImNlMjVmYmMifQ%3D%3D\">\n\t\t\t\t\t<div class=\"e-gallery-image elementor-gallery-item__image\" data-thumbnail=\"https:\/\/www.bymood.design\/wp-content\/uploads\/2026\/01\/32-240x300.jpg\" data-width=\"240\" data-height=\"300\" aria-label=\"Wellness z\u00f3na v apartm\u00e1ne v Lomnici \u2013 prechod zo sauny do sprchy, tmav\u00e9 obklady a ambientn\u00e9 osvetlenie | byMOOD design\" role=\"img\" ><\/div>\n\t\t\t\t\t\t\t\t\t\t\t<div class=\"elementor-gallery-item__overlay\"><\/div>\n\t\t\t\t\t\t\t\t\t\t\t\t\t\t<\/a>\n\t\t\t\t\t\t\t<a class=\"e-gallery-item elementor-gallery-item elementor-animated-content\" href=\"https:\/\/www.bymood.design\/wp-content\/uploads\/2026\/01\/33-scaled.jpg\" data-elementor-open-lightbox=\"yes\" data-elementor-lightbox-slideshow=\"ce25fbc\" data-elementor-lightbox-title=\"Sp\u00e1l\u0148a \u2013 vstavan\u00e9 skrine a \u010dist\u00e9 l\u00ednie\" data-elementor-lightbox-description=\"Vizualiz\u00e1cia sp\u00e1lne v apartm\u00e1ne v Lomnici (Vysok\u00e9 Tatry): poste\u013e v neutr\u00e1lnych text\u00edli\u00e1ch, vstavan\u00e9 skrine a dreven\u00e9 povrchy, ktor\u00e9 vytv\u00e1raj\u00fa pokojn\u00fd, hotelov\u00fd pocit. Nad\u010dasov\u00fd minimalizmus s d\u00f4razom na komfort a funk\u010dn\u00e9 \u00falo\u017en\u00e9 rie\u0161enia. byMOOD design\" data-e-action-hash=\"#elementor-action%3Aaction%3Dlightbox%26settings%3DeyJpZCI6MzA0NCwidXJsIjoiaHR0cHM6XC9cL3d3dy5ieW1vb2QuZGVzaWduXC93cC1jb250ZW50XC91cGxvYWRzXC8yMDI2XC8wMVwvMzMtc2NhbGVkLmpwZyIsInNsaWRlc2hvdyI6ImNlMjVmYmMifQ%3D%3D\">\n\t\t\t\t\t<div class=\"e-gallery-image elementor-gallery-item__image\" data-thumbnail=\"https:\/\/www.bymood.design\/wp-content\/uploads\/2026\/01\/33-300x169.jpg\" data-width=\"300\" data-height=\"169\" aria-label=\"Sp\u00e1l\u0148a v apartm\u00e1ne v Lomnici \u2013 vstavan\u00e9 skrine, dreven\u00e9 povrchy a minimalistick\u00e9 rie\u0161enie v pr\u00edrodn\u00fdch t\u00f3noch | byMOOD design\" role=\"img\" ><\/div>\n\t\t\t\t\t\t\t\t\t\t\t<div class=\"elementor-gallery-item__overlay\"><\/div>\n\t\t\t\t\t\t\t\t\t\t\t\t\t\t<\/a>\n\t\t\t\t\t\t\t<a class=\"e-gallery-item elementor-gallery-item elementor-animated-content\" href=\"https:\/\/www.bymood.design\/wp-content\/uploads\/2026\/01\/34-scaled.jpg\" data-elementor-open-lightbox=\"yes\" data-elementor-lightbox-slideshow=\"ce25fbc\" data-elementor-lightbox-title=\"Sp\u00e1l\u0148a \u2013 pokojn\u00e1 atmosf\u00e9ra a tepl\u00e9 svetlo\" data-elementor-lightbox-description=\"Vizualiz\u00e1cia sp\u00e1lne v apartm\u00e1ne v Lomnici (Vysok\u00e9 Tatry): nad\u010dasov\u00e1 kompoz\u00edcia postele, jemn\u00e9 no\u010dn\u00e9 osvetlenie a pr\u00edrodn\u00e9 materi\u00e1ly, ktor\u00e9 vytv\u00e1raj\u00fa \u00fatuln\u00fd, hotelov\u00fd pocit. Minimalistick\u00e9 rie\u0161enie s d\u00f4razom na relax a \u010dist\u00e9 detaily. byMOOD design\" data-e-action-hash=\"#elementor-action%3Aaction%3Dlightbox%26settings%3DeyJpZCI6MzA0NSwidXJsIjoiaHR0cHM6XC9cL3d3dy5ieW1vb2QuZGVzaWduXC93cC1jb250ZW50XC91cGxvYWRzXC8yMDI2XC8wMVwvMzQtc2NhbGVkLmpwZyIsInNsaWRlc2hvdyI6ImNlMjVmYmMifQ%3D%3D\">\n\t\t\t\t\t<div class=\"e-gallery-image elementor-gallery-item__image\" data-thumbnail=\"https:\/\/www.bymood.design\/wp-content\/uploads\/2026\/01\/34-300x169.jpg\" data-width=\"300\" data-height=\"169\" aria-label=\"Sp\u00e1l\u0148a v apartm\u00e1ne v Lomnici \u2013 komfortn\u00e1 poste\u013e, tepl\u00e9 ambientn\u00e9 osvetlenie a pr\u00edrodn\u00e9 t\u00f3ny | byMOOD design\" role=\"img\" ><\/div>\n\t\t\t\t\t\t\t\t\t\t\t<div class=\"elementor-gallery-item__overlay\"><\/div>\n\t\t\t\t\t\t\t\t\t\t\t\t\t\t<\/a>\n\t\t\t\t\t\t\t<a class=\"e-gallery-item elementor-gallery-item elementor-animated-content\" href=\"https:\/\/www.bymood.design\/wp-content\/uploads\/2026\/01\/35-scaled.jpg\" data-elementor-open-lightbox=\"yes\" data-elementor-lightbox-slideshow=\"ce25fbc\" data-elementor-lightbox-title=\"Sp\u00e1l\u0148a \u2013 svetlo, pokoj a \u010dist\u00e9 l\u00ednie\" data-elementor-lightbox-description=\"Vizualiz\u00e1cia sp\u00e1lne v apartm\u00e1ne v Lomnici (Vysok\u00e9 Tatry): jemn\u00e1 paleta farieb, komfortn\u00e1 poste\u013e a prirodzen\u00e9 denn\u00e9 svetlo, ktor\u00e9 podporuje pokojn\u00fd charakter interi\u00e9ru. Nad\u010dasov\u00fd minimalizmus a \u00fatuln\u00e1 atmosf\u00e9ra pre maxim\u00e1lny oddych. byMOOD design\" data-e-action-hash=\"#elementor-action%3Aaction%3Dlightbox%26settings%3DeyJpZCI6MzA0NiwidXJsIjoiaHR0cHM6XC9cL3d3dy5ieW1vb2QuZGVzaWduXC93cC1jb250ZW50XC91cGxvYWRzXC8yMDI2XC8wMVwvMzUtc2NhbGVkLmpwZyIsInNsaWRlc2hvdyI6ImNlMjVmYmMifQ%3D%3D\">\n\t\t\t\t\t<div class=\"e-gallery-image elementor-gallery-item__image\" data-thumbnail=\"https:\/\/www.bymood.design\/wp-content\/uploads\/2026\/01\/35-300x169.jpg\" data-width=\"300\" data-height=\"169\" aria-label=\"Sp\u00e1l\u0148a v apartm\u00e1ne v Lomnici \u2013 svetl\u00e9 t\u00f3ny, m\u00e4kk\u00e9 text\u00edlie a minimalistick\u00e9 rie\u0161enie s prirodzen\u00fdm svetlom | byMOOD design\" role=\"img\" ><\/div>\n\t\t\t\t\t\t\t\t\t\t\t<div class=\"elementor-gallery-item__overlay\"><\/div>\n\t\t\t\t\t\t\t\t\t\t\t\t\t\t<\/a>\n\t\t\t\t\t\t\t<a class=\"e-gallery-item elementor-gallery-item elementor-animated-content\" href=\"https:\/\/www.bymood.design\/wp-content\/uploads\/2026\/01\/36-scaled.jpg\" data-elementor-open-lightbox=\"yes\" data-elementor-lightbox-slideshow=\"ce25fbc\" data-elementor-lightbox-title=\"Sp\u00e1l\u0148a \u2013 detail \u010dela postele a svetla\" data-elementor-lightbox-description=\"Vizualiz\u00e1cia detailu \u010dela postele v apartm\u00e1ne v Lomnici (Vysok\u00e9 Tatry): nad\u010dasov\u00e9 panelovanie, jemn\u00e1 text\u00fara povrchov a skryt\u00e9 LED osvetlenie, ktor\u00e9 vytv\u00e1ra pokojn\u00fd, hotelov\u00fd pocit. Minimalistick\u00e9 rie\u0161enie s d\u00f4razom na materi\u00e1l a atmosf\u00e9ru. byMOOD design.\" data-e-action-hash=\"#elementor-action%3Aaction%3Dlightbox%26settings%3DeyJpZCI6MzA0NywidXJsIjoiaHR0cHM6XC9cL3d3dy5ieW1vb2QuZGVzaWduXC93cC1jb250ZW50XC91cGxvYWRzXC8yMDI2XC8wMVwvMzYtc2NhbGVkLmpwZyIsInNsaWRlc2hvdyI6ImNlMjVmYmMifQ%3D%3D\">\n\t\t\t\t\t<div class=\"e-gallery-image elementor-gallery-item__image\" data-thumbnail=\"https:\/\/www.bymood.design\/wp-content\/uploads\/2026\/01\/36-240x300.jpg\" data-width=\"240\" data-height=\"300\" aria-label=\"Detail \u010dela postele v sp\u00e1lni apartm\u00e1nu v Lomnici \u2013 panelovanie, text\u00fara a tepl\u00e9 ambientn\u00e9 osvetlenie | byMOOD design\" role=\"img\" ><\/div>\n\t\t\t\t\t\t\t\t\t\t\t<div class=\"elementor-gallery-item__overlay\"><\/div>\n\t\t\t\t\t\t\t\t\t\t\t\t\t\t<\/a>\n\t\t\t\t\t\t\t<a class=\"e-gallery-item elementor-gallery-item elementor-animated-content\" href=\"https:\/\/www.bymood.design\/wp-content\/uploads\/2026\/01\/37-scaled.jpg\" data-elementor-open-lightbox=\"yes\" data-elementor-lightbox-slideshow=\"ce25fbc\" data-elementor-lightbox-title=\"Podkrovn\u00e1 sp\u00e1l\u0148a \u2013 \u0161ikmina a \u00fatuln\u00e1 atmosf\u00e9ra\" data-elementor-lightbox-description=\"Vizualiz\u00e1cia podkrovnej sp\u00e1lne v apartm\u00e1ne v Lomnici (Vysok\u00e9 Tatry): \u0161ikm\u00fd strop, jemn\u00e1 paleta farieb a skryt\u00e9 osvetlenie, ktor\u00e9 zv\u00fdraz\u0148uje text\u00fary a vytv\u00e1ra pokojn\u00fd, hotelov\u00fd pocit. Nad\u010dasov\u00e9 rie\u0161enie s d\u00f4razom na komfort a \u00fatulnos\u0165. byMOOD design.\" data-e-action-hash=\"#elementor-action%3Aaction%3Dlightbox%26settings%3DeyJpZCI6MzA0OCwidXJsIjoiaHR0cHM6XC9cL3d3dy5ieW1vb2QuZGVzaWduXC93cC1jb250ZW50XC91cGxvYWRzXC8yMDI2XC8wMVwvMzctc2NhbGVkLmpwZyIsInNsaWRlc2hvdyI6ImNlMjVmYmMifQ%3D%3D\">\n\t\t\t\t\t<div class=\"e-gallery-image elementor-gallery-item__image\" data-thumbnail=\"https:\/\/www.bymood.design\/wp-content\/uploads\/2026\/01\/37-240x300.jpg\" data-width=\"240\" data-height=\"300\" aria-label=\"Podkrovn\u00e1 sp\u00e1l\u0148a v apartm\u00e1ne v Lomnici \u2013 \u0161ikm\u00fd strop, komfortn\u00e1 poste\u013e a tepl\u00e9 ambientn\u00e9 osvetlenie | byMOOD design\" role=\"img\" ><\/div>\n\t\t\t\t\t\t\t\t\t\t\t<div class=\"elementor-gallery-item__overlay\"><\/div>\n\t\t\t\t\t\t\t\t\t\t\t\t\t\t<\/a>\n\t\t\t\t\t\t\t<a class=\"e-gallery-item elementor-gallery-item elementor-animated-content\" href=\"https:\/\/www.bymood.design\/wp-content\/uploads\/2026\/01\/38-scaled.jpg\" data-elementor-open-lightbox=\"yes\" data-elementor-lightbox-slideshow=\"ce25fbc\" data-elementor-lightbox-title=\"Podkrovn\u00e1 sp\u00e1l\u0148a \u2013 pracovn\u00fd k\u00fat pri okne\" data-elementor-lightbox-description=\"Vizualiz\u00e1cia podkrovnej sp\u00e1lne v apartm\u00e1ne v Lomnici (Vysok\u00e9 Tatry): pracovn\u00fd k\u00fat pri okne, vstavan\u00e9 dreven\u00e9 rie\u0161enia a jemn\u00e9 osvetlenie, ktor\u00e9 z\u00fatul\u0148uje \u0161ikminu a podporuje pokojn\u00fa atmosf\u00e9ru. Nad\u010dasov\u00fd dizajn pre komfortn\u00e9 b\u00fdvanie aj pr\u00e1cu. byMOOD design\" data-e-action-hash=\"#elementor-action%3Aaction%3Dlightbox%26settings%3DeyJpZCI6MzA0OSwidXJsIjoiaHR0cHM6XC9cL3d3dy5ieW1vb2QuZGVzaWduXC93cC1jb250ZW50XC91cGxvYWRzXC8yMDI2XC8wMVwvMzgtc2NhbGVkLmpwZyIsInNsaWRlc2hvdyI6ImNlMjVmYmMifQ%3D%3D\">\n\t\t\t\t\t<div class=\"e-gallery-image elementor-gallery-item__image\" data-thumbnail=\"https:\/\/www.bymood.design\/wp-content\/uploads\/2026\/01\/38-240x300.jpg\" data-width=\"240\" data-height=\"300\" aria-label=\"Podkrovn\u00e1 sp\u00e1l\u0148a s pracovn\u00fdm k\u00fatom v apartm\u00e1ne v Lomnici \u2013 \u0161ikm\u00fd strop, vstavan\u00fd n\u00e1bytok a tepl\u00e9 osvetlenie | byMOOD design\" role=\"img\" ><\/div>\n\t\t\t\t\t\t\t\t\t\t\t<div class=\"elementor-gallery-item__overlay\"><\/div>\n\t\t\t\t\t\t\t\t\t\t\t\t\t\t<\/a>\n\t\t\t\t\t\t\t<a class=\"e-gallery-item elementor-gallery-item elementor-animated-content\" href=\"https:\/\/www.bymood.design\/wp-content\/uploads\/2026\/01\/39-scaled.jpg\" data-elementor-open-lightbox=\"yes\" data-elementor-lightbox-slideshow=\"ce25fbc\" data-elementor-lightbox-title=\"Sp\u00e1l\u0148a \u2013 podsvieten\u00e1 nika v stene\" data-elementor-lightbox-description=\"Vizualiz\u00e1cia detailu sp\u00e1lne v apartm\u00e1ne v Lomnici (Vysok\u00e9 Tatry): integrovan\u00e1 policov\u00e1 nika s jemn\u00fdm LED podsvieten\u00edm, ktor\u00e9 z\u00fatul\u0148uje priestor a zv\u00fdraz\u0148uje text\u00fary povrchov. Minimalistick\u00fd detail sp\u00e1jaj\u00faci funk\u010dnos\u0165, \u00falo\u017en\u00fd priestor a atmosf\u00e9ru. byMOOD design\" data-e-action-hash=\"#elementor-action%3Aaction%3Dlightbox%26settings%3DeyJpZCI6MzA1MCwidXJsIjoiaHR0cHM6XC9cL3d3dy5ieW1vb2QuZGVzaWduXC93cC1jb250ZW50XC91cGxvYWRzXC8yMDI2XC8wMVwvMzktc2NhbGVkLmpwZyIsInNsaWRlc2hvdyI6ImNlMjVmYmMifQ%3D%3D\">\n\t\t\t\t\t<div class=\"e-gallery-image elementor-gallery-item__image\" data-thumbnail=\"https:\/\/www.bymood.design\/wp-content\/uploads\/2026\/01\/39-240x300.jpg\" data-width=\"240\" data-height=\"300\" aria-label=\"Detail sp\u00e1lne v apartm\u00e1ne v Lomnici \u2013 podsvieten\u00e1 policov\u00e1 nika, text\u00farovan\u00e1 stena a tepl\u00e9 osvetlenie | byMOOD design\" role=\"img\" ><\/div>\n\t\t\t\t\t\t\t\t\t\t\t<div class=\"elementor-gallery-item__overlay\"><\/div>\n\t\t\t\t\t\t\t\t\t\t\t\t\t\t<\/a>\n\t\t\t\t\t\t\t<a class=\"e-gallery-item elementor-gallery-item elementor-animated-content\" href=\"https:\/\/www.bymood.design\/wp-content\/uploads\/2026\/01\/40-scaled.jpg\" data-elementor-open-lightbox=\"yes\" data-elementor-lightbox-slideshow=\"ce25fbc\" data-elementor-lightbox-title=\"K\u00fape\u013e\u0148a \u2013 okr\u00fahle zrkadlo a drevo\" data-elementor-lightbox-description=\"Vizualiz\u00e1cia k\u00fape\u013ene v apartm\u00e1ne v Lomnici (Vysok\u00e9 Tatry): um\u00fdvadlov\u00e1 z\u00f3na s okr\u00fahlym zrkadlom, dreven\u00fdmi obkladmi a tmavou podlahou, ktor\u00e1 zv\u00fdraz\u0148uje kontrast materi\u00e1lov. Minimalistick\u00e9 rie\u0161enie s d\u00f4razom na \u010dist\u00e9 l\u00ednie a hotelov\u00fd komfort. byMOOD design.\" data-e-action-hash=\"#elementor-action%3Aaction%3Dlightbox%26settings%3DeyJpZCI6MzA1MSwidXJsIjoiaHR0cHM6XC9cL3d3dy5ieW1vb2QuZGVzaWduXC93cC1jb250ZW50XC91cGxvYWRzXC8yMDI2XC8wMVwvNDAtc2NhbGVkLmpwZyIsInNsaWRlc2hvdyI6ImNlMjVmYmMifQ%3D%3D\">\n\t\t\t\t\t<div class=\"e-gallery-image elementor-gallery-item__image\" data-thumbnail=\"https:\/\/www.bymood.design\/wp-content\/uploads\/2026\/01\/40-240x300.jpg\" data-width=\"240\" data-height=\"300\" aria-label=\"K\u00fape\u013e\u0148a v apartm\u00e1ne v Lomnici \u2013 okr\u00fahle zrkadlo, dreven\u00fd obklad a minimalistick\u00e1 um\u00fdvadlov\u00e1 z\u00f3na | byMOOD design\" role=\"img\" ><\/div>\n\t\t\t\t\t\t\t\t\t\t\t<div class=\"elementor-gallery-item__overlay\"><\/div>\n\t\t\t\t\t\t\t\t\t\t\t\t\t\t<\/a>\n\t\t\t\t\t\t\t<a class=\"e-gallery-item elementor-gallery-item elementor-animated-content\" href=\"https:\/\/www.bymood.design\/wp-content\/uploads\/2026\/01\/41-scaled.jpg\" data-elementor-open-lightbox=\"yes\" data-elementor-lightbox-slideshow=\"ce25fbc\" data-elementor-lightbox-title=\"K\u00fape\u013e\u0148a \u2013 \u010dist\u00e9 l\u00ednie a nad\u010dasov\u00e9 materi\u00e1ly\" data-elementor-lightbox-description=\"Vizualiz\u00e1cia k\u00fape\u013ene v apartm\u00e1ne v Lomnici (Vysok\u00e9 Tatry): preh\u013eadn\u00e1 um\u00fdvadlov\u00e1 a WC z\u00f3na s okr\u00fahlym zrkadlom, minimalistick\u00fdm n\u00e1bytkom a kontrastom svetl\u00fdch stien s tmavou podlahou. Nad\u010dasov\u00fd dizajn s d\u00f4razom na funk\u010dnos\u0165 a hotelov\u00fd komfort. byMOOD design\" data-e-action-hash=\"#elementor-action%3Aaction%3Dlightbox%26settings%3DeyJpZCI6MzA1MiwidXJsIjoiaHR0cHM6XC9cL3d3dy5ieW1vb2QuZGVzaWduXC93cC1jb250ZW50XC91cGxvYWRzXC8yMDI2XC8wMVwvNDEtc2NhbGVkLmpwZyIsInNsaWRlc2hvdyI6ImNlMjVmYmMifQ%3D%3D\">\n\t\t\t\t\t<div class=\"e-gallery-image elementor-gallery-item__image\" data-thumbnail=\"https:\/\/www.bymood.design\/wp-content\/uploads\/2026\/01\/41-240x300.jpg\" data-width=\"240\" data-height=\"300\" aria-label=\"K\u00fape\u013e\u0148a v apartm\u00e1ne v Lomnici \u2013 um\u00fdvadlov\u00e1 a WC z\u00f3na, okr\u00fahle zrkadlo a minimalistick\u00e9 rie\u0161enie | byMOOD design\" role=\"img\" ><\/div>\n\t\t\t\t\t\t\t\t\t\t\t<div class=\"elementor-gallery-item__overlay\"><\/div>\n\t\t\t\t\t\t\t\t\t\t\t\t\t\t<\/a>\n\t\t\t\t\t\t\t<a class=\"e-gallery-item elementor-gallery-item elementor-animated-content\" href=\"https:\/\/www.bymood.design\/wp-content\/uploads\/2026\/01\/42-scaled.jpg\" data-elementor-open-lightbox=\"yes\" data-elementor-lightbox-slideshow=\"ce25fbc\" data-elementor-lightbox-title=\"K\u00fape\u013e\u0148a \u2013 \u010dist\u00e9 l\u00ednie a nad\u010dasov\u00e9 materi\u00e1ly\" data-elementor-lightbox-description=\"Vizualiz\u00e1cia k\u00fape\u013ene v apartm\u00e1ne v Lomnici (Vysok\u00e9 Tatry): preh\u013eadn\u00e1 um\u00fdvadlov\u00e1 a WC z\u00f3na s okr\u00fahlym zrkadlom, minimalistick\u00fdm n\u00e1bytkom a kontrastom svetl\u00fdch stien s tmavou podlahou. Nad\u010dasov\u00fd dizajn s d\u00f4razom na funk\u010dnos\u0165 a hotelov\u00fd komfort. byMOOD design\" data-e-action-hash=\"#elementor-action%3Aaction%3Dlightbox%26settings%3DeyJpZCI6MzA1MywidXJsIjoiaHR0cHM6XC9cL3d3dy5ieW1vb2QuZGVzaWduXC93cC1jb250ZW50XC91cGxvYWRzXC8yMDI2XC8wMVwvNDItc2NhbGVkLmpwZyIsInNsaWRlc2hvdyI6ImNlMjVmYmMifQ%3D%3D\">\n\t\t\t\t\t<div class=\"e-gallery-image elementor-gallery-item__image\" data-thumbnail=\"https:\/\/www.bymood.design\/wp-content\/uploads\/2026\/01\/42-240x300.jpg\" data-width=\"240\" data-height=\"300\" aria-label=\"K\u00fape\u013e\u0148a v apartm\u00e1ne v Lomnici \u2013 um\u00fdvadlov\u00e1 a WC z\u00f3na, okr\u00fahle zrkadlo a minimalistick\u00e9 rie\u0161enie | byMOOD design\" role=\"img\" ><\/div>\n\t\t\t\t\t\t\t\t\t\t\t<div class=\"elementor-gallery-item__overlay\"><\/div>\n\t\t\t\t\t\t\t\t\t\t\t\t\t\t<\/a>\n\t\t\t\t\t\t\t<a class=\"e-gallery-item elementor-gallery-item elementor-animated-content\" href=\"https:\/\/www.bymood.design\/wp-content\/uploads\/2026\/01\/44-scaled.jpg\" data-elementor-open-lightbox=\"yes\" data-elementor-lightbox-slideshow=\"ce25fbc\" data-elementor-lightbox-title=\"K\u00fape\u013e\u0148a \u2013 \u010dist\u00fd detail a praktick\u00e1 z\u00f3na\" data-elementor-lightbox-description=\"Vizualiz\u00e1cia detailu k\u00fape\u013ene v apartm\u00e1ne v Lomnici (Vysok\u00e9 Tatry): jednoduch\u00e9 a funk\u010dn\u00e9 rie\u0161enie s ve\u0161iakom na uter\u00e1ky, \u010dist\u00fdmi l\u00edniami a kontrastom svetl\u00fdch stien s tmavou podlahou. Nad\u010dasov\u00fd minimalizmus pre komfortn\u00e9 ka\u017edodenn\u00e9 pou\u017e\u00edvanie. byMOOD design\" data-e-action-hash=\"#elementor-action%3Aaction%3Dlightbox%26settings%3DeyJpZCI6MzA1NSwidXJsIjoiaHR0cHM6XC9cL3d3dy5ieW1vb2QuZGVzaWduXC93cC1jb250ZW50XC91cGxvYWRzXC8yMDI2XC8wMVwvNDQtc2NhbGVkLmpwZyIsInNsaWRlc2hvdyI6ImNlMjVmYmMifQ%3D%3D\">\n\t\t\t\t\t<div class=\"e-gallery-image elementor-gallery-item__image\" data-thumbnail=\"https:\/\/www.bymood.design\/wp-content\/uploads\/2026\/01\/44-240x300.jpg\" data-width=\"240\" data-height=\"300\" aria-label=\"Detail k\u00fape\u013ene v apartm\u00e1ne v Lomnici \u2013 ve\u0161iak na uter\u00e1ky, dvere a minimalistick\u00e9 rie\u0161enie v pr\u00edrodn\u00fdch t\u00f3noch | byMOOD design\" role=\"img\" ><\/div>\n\t\t\t\t\t\t\t\t\t\t\t<div class=\"elementor-gallery-item__overlay\"><\/div>\n\t\t\t\t\t\t\t\t\t\t\t\t\t\t<\/a>\n\t\t\t\t\t\t\t<a class=\"e-gallery-item elementor-gallery-item elementor-animated-content\" href=\"https:\/\/www.bymood.design\/wp-content\/uploads\/2026\/01\/46-scaled.jpg\" data-elementor-open-lightbox=\"yes\" data-elementor-lightbox-slideshow=\"ce25fbc\" data-elementor-lightbox-title=\"Pra\u010dov\u0148a \u2013 premyslen\u00fd \u00falo\u017en\u00fd syst\u00e9m\" data-elementor-lightbox-description=\"Vizualiz\u00e1cia pr\u00e1\u010dovne v apartm\u00e1ne v Lomnici (Vysok\u00e9 Tatry): preh\u013eadn\u00fd \u00falo\u017en\u00fd syst\u00e9m s policami a uzavret\u00fdmi skri\u0148ami, miesto pre spotrebi\u010de a praktick\u00e9 z\u00f3novanie pre ka\u017edodenn\u00fa prev\u00e1dzku. Minimalistick\u00e9 rie\u0161enie, ktor\u00e9 dr\u017e\u00ed poriadok aj v technickej \u010dasti bytu. byMOOD design\" data-e-action-hash=\"#elementor-action%3Aaction%3Dlightbox%26settings%3DeyJpZCI6MzA1NywidXJsIjoiaHR0cHM6XC9cL3d3dy5ieW1vb2QuZGVzaWduXC93cC1jb250ZW50XC91cGxvYWRzXC8yMDI2XC8wMVwvNDYtc2NhbGVkLmpwZyIsInNsaWRlc2hvdyI6ImNlMjVmYmMifQ%3D%3D\">\n\t\t\t\t\t<div class=\"e-gallery-image elementor-gallery-item__image\" data-thumbnail=\"https:\/\/www.bymood.design\/wp-content\/uploads\/2026\/01\/46-240x300.jpg\" data-width=\"240\" data-height=\"300\" aria-label=\"Pra\u010dov\u0148a v apartm\u00e1ne v Lomnici \u2013 \u00falo\u017en\u00fd syst\u00e9m, police a technick\u00e1 z\u00f3na s pr\u00e1\u010dkou v minimalistickom \u0161t\u00fdle | byMOOD design\" role=\"img\" ><\/div>\n\t\t\t\t\t\t\t\t\t\t\t<div class=\"elementor-gallery-item__overlay\"><\/div>\n\t\t\t\t\t\t\t\t\t\t\t\t\t\t<\/a>\n\t\t\t\t\t\t\t<a class=\"e-gallery-item elementor-gallery-item elementor-animated-content\" href=\"https:\/\/www.bymood.design\/wp-content\/uploads\/2026\/01\/47-scaled.jpg\" data-elementor-open-lightbox=\"yes\" data-elementor-lightbox-slideshow=\"ce25fbc\" data-elementor-lightbox-title=\"Pra\u010dov\u0148a \u2013 pr\u00e1\u010dka, su\u0161i\u010dka a organiz\u00e1cia\" data-elementor-lightbox-description=\"Vizualiz\u00e1cia pr\u00e1\u010dovne v apartm\u00e1ne v Lomnici (Vysok\u00e9 Tatry): kompaktn\u00e9 rie\u0161enie s pr\u00e1\u010dkou a su\u0161i\u010dkou, \u00falo\u017en\u00fdm syst\u00e9mom a z\u00f3nou na ve\u0161anie. Minimalistick\u00fd dizajn pre preh\u013eadn\u00fa a funk\u010dn\u00fa technick\u00fa miestnos\u0165. byMOOD design\" data-e-action-hash=\"#elementor-action%3Aaction%3Dlightbox%26settings%3DeyJpZCI6MzA1OCwidXJsIjoiaHR0cHM6XC9cL3d3dy5ieW1vb2QuZGVzaWduXC93cC1jb250ZW50XC91cGxvYWRzXC8yMDI2XC8wMVwvNDctc2NhbGVkLmpwZyIsInNsaWRlc2hvdyI6ImNlMjVmYmMifQ%3D%3D\">\n\t\t\t\t\t<div class=\"e-gallery-image elementor-gallery-item__image\" data-thumbnail=\"https:\/\/www.bymood.design\/wp-content\/uploads\/2026\/01\/47-240x300.jpg\" data-width=\"240\" data-height=\"300\" aria-label=\"Pra\u010dov\u0148a v apartm\u00e1ne v Lomnici \u2013 pr\u00e1\u010dka a su\u0161i\u010dka, \u00falo\u017en\u00e9 police a ve\u0161iak na su\u0161enie | byMOOD design\" role=\"img\" ><\/div>\n\t\t\t\t\t\t\t\t\t\t\t<div class=\"elementor-gallery-item__overlay\"><\/div>\n\t\t\t\t\t\t\t\t\t\t\t\t\t\t<\/a>\n\t\t\t\t\t<\/div>\n\t\t\t\t\t<\/div>\n\t\t\t\t\t<\/div>\n\t\t\t\t<\/div>\n\t\t<div class=\"elementor-element elementor-element-6d8f643f e-flex e-con-boxed e-con e-parent\" data-id=\"6d8f643f\" data-element_type=\"container\" data-e-type=\"container\">\n\t\t\t\t\t<div class=\"e-con-inner\">\n\t\t\t\t<div class=\"elementor-element elementor-element-291cd85e elementor-widget elementor-widget-slider_revolution\" data-id=\"291cd85e\" data-element_type=\"widget\" data-e-type=\"widget\" data-widget_type=\"slider_revolution.default\">\n\t\t\t\t\t<div class=\"wp-block-themepunch-revslider revslider\">\n\t\t\t\t<p class=\"rs-p-wp-fix\"><\/p>\n\t\t\t\t<sr7-module data-alias=\"byMood_kontakt_scroll\" data-id=\"56\" id=\"SR7_56_3\" data-version=\"7.0.10\">\n\t\t\t\t\t<sr7-adjuster><\/sr7-adjuster>\n\t\t\t\t\t<sr7-content>\n\t\t\t\t\t\t<sr7-slide id=\"SR7_56_3-152\" data-key=\"152\">\n\t\t\t\t\t\t\t<sr7-txt id=\"SR7_56_3-152-4\" class=\"sr7-layer\">ADRESA<\/sr7-txt>\n\t\t\t\t\t\t\t<sr7-txt id=\"SR7_56_3-152-11\" class=\"sr7-layer\">KONTAKT<\/sr7-txt>\n\t\t\t\t\t\t\t<sr7-txt id=\"SR7_56_3-152-12\" class=\"sr7-layer\">Opavsk\u00e1 18, 831 01<br\/>Bratislava, Slovakia<\/sr7-txt>\n\t\t\t\t\t\t\t<a id=\"SR7_56_3-152-15\" class=\"sr7-layer\" href=\"mailto:hello@bymood.design\" target=\"_blank\">hello@bymood.design<\/a>\n\t\t\t\t\t\t\t<sr7-txt id=\"SR7_56_3-152-16\" class=\"sr7-layer\">TELEF\u00d3N<\/sr7-txt>\n\t\t\t\t\t\t\t<sr7-txt id=\"SR7_56_3-152-17\" class=\"sr7-layer\">SLEDUJ N\u00c1S<\/sr7-txt>\n\t\t\t\t\t\t\t<a id=\"SR7_56_3-152-18\" class=\"sr7-layer\" href=\"tel:+421918305996\" target=\"_blank\">+421 918 305 996<\/a>\n\t\t\t\t\t\t\t<a id=\"SR7_56_3-152-19\" class=\"sr7-layer\" href=\"http:\/\/www.facebook.com\/profile.php?id=100090106757080\" target=\"_self\" rel=\"noopener\">Fb<\/a>\n\t\t\t\t\t\t\t<a id=\"SR7_56_3-152-21\" class=\"sr7-layer\" href=\"http:\/\/www.instagram.com\/bymood.design\/\" target=\"_blank\" rel=\"noopener\">Ig<\/a>\n\t\t\t\t\t\t\t<a id=\"SR7_56_3-152-22\" class=\"sr7-layer\" href=\"http:\/\/sk.pinterest.com\/bymooddesign\/\" target=\"_blank\" rel=\"noopener\">Pin<\/a>\n\t\t\t\t\t\t<\/sr7-slide>\n\t\t\t\t\t\t<sr7-slide id=\"SR7_56_3-153\" data-key=\"153\">\n\t\t\t\t\t\t<\/sr7-slide>\n\t\t\t\t\t<\/sr7-content>\n\t\t\t\t\t<image_lists style=\"display:none\">\n\t\t\t\t\t\t<img data-src=\"\/\/www.bymood.design\/wp-content\/uploads\/revslider\/o\/56\/48c48663e99e48b69ec5fa972d83cdbb.webp\" data-libid=\"1237\" data-lib=\"medialibrary\" title=\"byMOOD-CB-F\" width=\"0\" height=\"0\" data-dbsrc=\"Ly93d3cuYnltb29kLmRlc2lnbi93cC1jb250ZW50L3VwbG9hZHMvMjAyNS8wMi9ieU1PT0QtQ0ItRi5wbmc=\"\/>\n\t\t\t\t\t<\/image_lists>\n\t\t\t\t<\/sr7-module>\n\t\t\t\t<script>\n\t\t\t\t\twindow.SR7??={}; SR7.PMH ??={}; SR7.PMH[\"SR7_56_3\"] = {cn:100,state:false,fn: function() { if (window._tpt!==undefined && window._tpt.prepareModuleHeight !== undefined) {  _tpt.prepareModuleHeight({id:\"SR7_56_3\",el:[300,300,300,854,844],type:'hero',gh:[300,300,300,854,844],gw:[1240,1240,1240,778,480],vpt:['-200px&#039;,&#039;-200px&#039;,&#039;-200px&#039;,&#039;-200px&#039;,&#039;-200px'],size:{fullWidth:true, fullHeight:false},mh:'0',onh:0,onw:0,bg:{color:'{\"orig\":\"transparent\",\"type\":\"solid\",\"string\":\"transparent\"}'}});   SR7.PMH[\"SR7_56_3\"].state=true;} else if(SR7.PMH[\"SR7_56_3\"].cn-->0)\tsetTimeout( SR7.PMH[\"SR7_56_3\"].fn,19);}};SR7.PMH[\"SR7_56_3\" ].fn();\n\t\t\t\t<\/script>\n<\/div>\t\t\t\t<\/div>\n\t\t\t\t\t<\/div>\n\t\t\t\t<\/div>\n\t\t\t\t<\/div>\n\t\t","protected":false},"excerpt":{"rendered":"<p>Objavte apartm\u00e1n Lomnica, ktor\u00fd harmonicky sp\u00e1ja pr\u00edrodu s modern\u00fdm dizajnom pre v\u00e1\u0161 oddych a relax\u00e1ciu.<\/p>","protected":false},"author":1,"featured_media":3059,"parent":0,"menu_order":0,"comment_status":"closed","ping_status":"closed","template":"","meta":{"rs_blank_template":"","rs_page_bg_color":"","slide_template_v7":"","_monsterinsights_skip_tracking":false,"_monsterinsights_sitenote_active":false,"_monsterinsights_sitenote_note":"","_monsterinsights_sitenote_category":0,"footnotes":""},"class_list":["post-3009","page","type-page","status-publish","has-post-thumbnail","hentry"],"_links":{"self":[{"href":"https:\/\/www.bymood.design\/en\/wp-json\/wp\/v2\/pages\/3009","targetHints":{"allow":["GET"]}}],"collection":[{"href":"https:\/\/www.bymood.design\/en\/wp-json\/wp\/v2\/pages"}],"about":[{"href":"https:\/\/www.bymood.design\/en\/wp-json\/wp\/v2\/types\/page"}],"author":[{"embeddable":true,"href":"https:\/\/www.bymood.design\/en\/wp-json\/wp\/v2\/users\/1"}],"replies":[{"embeddable":true,"href":"https:\/\/www.bymood.design\/en\/wp-json\/wp\/v2\/comments?post=3009"}],"version-history":[{"count":6,"href":"https:\/\/www.bymood.design\/en\/wp-json\/wp\/v2\/pages\/3009\/revisions"}],"predecessor-version":[{"id":3088,"href":"https:\/\/www.bymood.design\/en\/wp-json\/wp\/v2\/pages\/3009\/revisions\/3088"}],"wp:featuredmedia":[{"embeddable":true,"href":"https:\/\/www.bymood.design\/en\/wp-json\/wp\/v2\/media\/3059"}],"wp:attachment":[{"href":"https:\/\/www.bymood.design\/en\/wp-json\/wp\/v2\/media?parent=3009"}],"curies":[{"name":"wp","href":"https:\/\/api.w.org\/{rel}","templated":true}]}}