{"id":1836,"date":"2025-07-13T16:46:21","date_gmt":"2025-07-13T14:46:21","guid":{"rendered":"https:\/\/www.bymood.design\/?page_id=1836"},"modified":"2025-12-04T22:51:39","modified_gmt":"2025-12-04T21:51:39","slug":"apartman-tatry","status":"publish","type":"page","link":"https:\/\/www.bymood.design\/en\/apartman-tatry\/","title":{"rendered":"projekt_002"},"content":{"rendered":"\t\t<div data-elementor-type=\"wp-page\" data-elementor-id=\"1836\" class=\"elementor elementor-1836\" data-elementor-post-type=\"page\">\n\t\t\t\t<div class=\"elementor-element elementor-element-3a77bd5 e-flex e-con-boxed e-con e-parent\" data-id=\"3a77bd5\" data-element_type=\"container\" data-e-type=\"container\">\n\t\t\t\t\t<div class=\"e-con-inner\">\n\t\t\t\t<div class=\"elementor-element elementor-element-2ffd28f elementor-widget elementor-widget-slider_revolution\" data-id=\"2ffd28f\" data-element_type=\"widget\" data-e-type=\"widget\" data-widget_type=\"slider_revolution.default\">\n\t\t\t\t\t<div class=\"wp-block-themepunch-revslider revslider\">\n\t\t\t\t<p class=\"rs-p-wp-fix\"><\/p>\n\t\t\t\t<sr7-module data-alias=\"byMood-Menu\" data-id=\"101\" id=\"SR7_101_1\" data-version=\"7.0.10\">\n\t\t\t\t\t<sr7-adjuster><\/sr7-adjuster>\n\t\t\t\t\t<sr7-content>\n\t\t\t\t\t\t<sr7-slide id=\"SR7_101_1-252\" data-key=\"252\">\n\t\t\t\t\t\t\t<a id=\"SR7_101_1-252-1\" class=\"sr7-layer\" href=\"http:\/\/bymood.design\/construction\" target=\"_self\" rel=\"noopener\">Construction<\/a>\n\t\t\t\t\t\t\t<a id=\"SR7_101_1-252-102\" class=\"sr7-layer\" href=\"http:\/\/www.bymood.design\/o-nas\/\" target=\"_self\">O n\u00e1s<\/a>\n\t\t\t\t\t\t\t<a id=\"SR7_101_1-252-103\" class=\"sr7-layer\" href=\"http:\/\/www.bymood.design\/projekty\/\" target=\"_self\">Projekty<\/a>\n\t\t\t\t\t\t\t<a id=\"SR7_101_1-252-108\" class=\"sr7-layer\" href=\"http:\/\/www.bymood.design\/\" target=\"_self\">Home<\/a>\n\t\t\t\t\t\t\t<a id=\"SR7_101_1-252-109\" class=\"sr7-layer\" href=\"http:\/\/bymood.design\/kontakt\" target=\"_self\" rel=\"noopener\">Kontakt<\/a>\n\t\t\t\t\t\t\t<a id=\"SR7_101_1-252-111\" class=\"sr7-layer\" href=\"http:\/\/sk.pinterest.com\/bymooddesign\/\" target=\"_blank\" rel=\"noopener\">Pinterest<\/a>\n\t\t\t\t\t\t\t<a id=\"SR7_101_1-252-112\" class=\"sr7-layer\" href=\"http:\/\/www.instagram.com\/bymood.design\" target=\"_self\" rel=\"noopener\">Instagram<\/a>\n\t\t\t\t\t\t\t<a id=\"SR7_101_1-252-113\" class=\"sr7-layer\" href=\"http:\/\/www.facebook.com\/bymood.design\" target=\"_blank\" rel=\"noopener\">Facebook<\/a>\n\t\t\t\t\t\t<\/sr7-slide>\n\t\t\t\t\t\t<sr7-slide id=\"SR7_101_1-271\" data-key=\"271\">\n\t\t\t\t\t\t<\/sr7-slide>\n\t\t\t\t\t<\/sr7-content>\n\t\t\t\t\t<image_lists style=\"display:none\">\n\t\t\t\t\t\t<img data-src=\"\/\/www.bymood.design\/wp-content\/uploads\/revslider\/o\/101\/a527a877bb92643524b3a6b932c98c7f.webp\" data-libid=\"1265\" data-lib=\"medialibrary\" title=\"byMOOD-WB-F\" width=\"0\" height=\"0\" data-dbsrc=\"Ly93d3cuYnltb29kLmRlc2lnbi93cC1jb250ZW50L3VwbG9hZHMvMjAyNS8wMi9ieU1PT0QtV0ItRi1lMTczOTA0NDQ2OTg5NS5wbmc=\"\/>\n\t\t\t\t\t<\/image_lists>\n\t\t\t\t<\/sr7-module>\n\t\t\t\t<script>\n\t\t\t\t\twindow.SR7??={}; SR7.PMH ??={}; SR7.PMH[\"SR7_101_1\"] = {cn:100,state:false,fn: function() { if (window._tpt!==undefined && window._tpt.prepareModuleHeight !== undefined) {  _tpt.prepareModuleHeight({id:\"SR7_101_1\",el:[900,900,768,960,720],fixed:true,type:'hero',gh:[900,900,768,960,720],gw:[1240,1240,1024,778,480],vpt:['200px&#039;,&#039;200px&#039;,&#039;200px&#039;,&#039;200px&#039;,&#039;200px'],size:{fullWidth:true, fullHeight:true},fho:'',mh:'0',onh:0,onw:0,bg:{color:'{\"orig\":\"transparent\",\"type\":\"solid\",\"string\":\"transparent\"}'}});   SR7.PMH[\"SR7_101_1\"].state=true;} else if(SR7.PMH[\"SR7_101_1\"].cn-->0)\tsetTimeout( SR7.PMH[\"SR7_101_1\"].fn,19);}};SR7.PMH[\"SR7_101_1\" ].fn();\n\t\t\t\t<\/script>\n<\/div>\t\t\t\t<\/div>\n\t\t\t\t<div class=\"elementor-element elementor-element-c11cc5c elementor-widget elementor-widget-slider_revolution\" data-id=\"c11cc5c\" data-element_type=\"widget\" data-e-type=\"widget\" data-widget_type=\"slider_revolution.default\">\n\t\t\t\t\t<div class=\"wp-block-themepunch-revslider revslider\">\n\t\t\t\t<p class=\"rs-p-wp-fix\"><\/p>\n\t\t\t\t<sr7-module data-alias=\"007_galeria_header-1\" data-id=\"85\" id=\"SR7_85_2\" data-version=\"7.0.10\">\n\t\t\t\t\t<sr7-adjuster><\/sr7-adjuster>\n\t\t\t\t\t<sr7-content>\n\t\t\t\t\t\t<sr7-slide id=\"SR7_85_2-227\" data-key=\"227\">\n\t\t\t\t\t\t\t<sr7-bg id=\"SR7_85_2-227-54\" class=\"sr7-layer\"><noscript><img decoding=\"async\" src=\"https:\/\/www.bymood.design\/wp-content\/uploads\/2025\/07\/final-08-new-Large.jpeg\" alt=\"Modern\u00fd interi\u00e9r so schodiskom a kuchy\u0148ou v pr\u00edrodnom dreve\" title=\"Poh\u013ead z obyva\u010dky do kuchyne\"><\/noscript><\/sr7-bg>\n\t\t\t\t\t\t\t<sr7-txt id=\"SR7_85_2-227-45\" class=\"sr7-layer\">Hory na dlani<\/sr7-txt>\n\t\t\t\t\t\t<\/sr7-slide>\n\t\t\t\t\t\t<sr7-slide id=\"SR7_85_2-228\" data-key=\"228\">\n\t\t\t\t\t\t<\/sr7-slide>\n\t\t\t\t\t<\/sr7-content>\n\t\t\t\t\t<image_lists style=\"display:none\">\n\t\t\t\t\t\t<img data-src=\"\/\/www.bymood.design\/wp-content\/uploads\/revslider\/o\/85\/f6e2bcabc6b6b2c8c1b32e472ed17e64.webp\" data-libid=\"1856\" data-lib=\"medialibrary\" alt=\"Modern\u00fd interi\u00e9r so schodiskom a kuchy\u0148ou v pr\u00edrodnom dreve\" title=\"Poh\u013ead z obyva\u010dky do kuchyne\" width=\"0\" height=\"0\" data-dbsrc=\"Ly93d3cuYnltb29kLmRlc2lnbi93cC1jb250ZW50L3VwbG9hZHMvMjAyNS8wNy9maW5hbC0wOC1uZXctTGFyZ2UuanBlZw==\"\/>\n\t\t\t\t\t<\/image_lists>\n\t\t\t\t<\/sr7-module>\n\t\t\t\t<script>\n\t\t\t\t\twindow.SR7??={}; SR7.PMH ??={}; SR7.PMH[\"SR7_85_2\"] = {cn:100,state:false,fn: function() { if (window._tpt!==undefined && window._tpt.prepareModuleHeight !== undefined) {  _tpt.prepareModuleHeight({id:\"SR7_85_2\",el:[900,900,768,960,720],type:'standard',gh:[900,900,768,960,720],gw:[1240,1240,1024,778,480],vpt:['-100px&#039;,&#039;-100px&#039;,&#039;-100px&#039;,&#039;-100px&#039;,&#039;-100px'],size:{fullWidth:true, fullHeight:true},fho:'',mh:'0',onh:0,onw:0,bg:{color:'{\"type\":\"solid\",\"orig\":\"#0c0c0c\",\"string\":\"rgba(12, 12, 12, 1)\"}'}});   SR7.PMH[\"SR7_85_2\"].state=true;} else if(SR7.PMH[\"SR7_85_2\"].cn-->0)\tsetTimeout( SR7.PMH[\"SR7_85_2\"].fn,19);}};SR7.PMH[\"SR7_85_2\" ].fn();\n\t\t\t\t<\/script>\n<\/div>\t\t\t\t<\/div>\n\t\t\t\t\t<\/div>\n\t\t\t\t<\/div>\n\t\t<div class=\"elementor-element elementor-element-23d7591 e-flex e-con-boxed e-con e-parent\" data-id=\"23d7591\" data-element_type=\"container\" data-e-type=\"container\">\n\t\t\t\t\t<div class=\"e-con-inner\">\n\t\t\t\t<div class=\"elementor-element elementor-element-92472eb elementor-widget elementor-widget-spacer\" data-id=\"92472eb\" data-element_type=\"widget\" data-e-type=\"widget\" data-widget_type=\"spacer.default\">\n\t\t\t\t\t\t\t<div class=\"elementor-spacer\">\n\t\t\t<div class=\"elementor-spacer-inner\"><\/div>\n\t\t<\/div>\n\t\t\t\t\t\t<\/div>\n\t\t\t\t\t<\/div>\n\t\t\t\t<\/div>\n\t\t<div class=\"elementor-element elementor-element-2bf5a6c e-flex e-con-boxed e-con e-parent\" data-id=\"2bf5a6c\" data-element_type=\"container\" data-e-type=\"container\">\n\t\t\t\t\t<div class=\"e-con-inner\">\n\t\t<div class=\"elementor-element elementor-element-42f2b1c e-con-full e-flex e-con e-child\" data-id=\"42f2b1c\" data-element_type=\"container\" data-e-type=\"container\">\n\t\t\t\t<div class=\"elementor-element elementor-element-8bc2117 elementor-widget elementor-widget-image\" data-id=\"8bc2117\" data-element_type=\"widget\" data-e-type=\"widget\" data-widget_type=\"image.default\">\n\t\t\t\t\t\t\t\t\t\t\t\t\t\t\t<img fetchpriority=\"high\" decoding=\"async\" width=\"800\" height=\"500\" src=\"https:\/\/www.bymood.design\/wp-content\/uploads\/2025\/07\/final-10-new-Large-1024x640.jpeg\" class=\"attachment-large size-large wp-image-1858\" alt=\"modern\u00fd apartm\u00e1n Tatry \u2013 ob\u00fdvacia izba so zelenou seda\u010dkou a schodiskom, realiz\u00e1cia byMOOD\" srcset=\"https:\/\/www.bymood.design\/wp-content\/uploads\/2025\/07\/final-10-new-Large-1024x640.jpeg 1024w, https:\/\/www.bymood.design\/wp-content\/uploads\/2025\/07\/final-10-new-Large-300x188.jpeg 300w, https:\/\/www.bymood.design\/wp-content\/uploads\/2025\/07\/final-10-new-Large-768x480.jpeg 768w, https:\/\/www.bymood.design\/wp-content\/uploads\/2025\/07\/final-10-new-Large-600x375.jpeg 600w, https:\/\/www.bymood.design\/wp-content\/uploads\/2025\/07\/final-10-new-Large.jpeg 1280w\" sizes=\"(max-width: 800px) 100vw, 800px\" \/>\t\t\t\t\t\t\t\t\t\t\t\t\t\t\t<\/div>\n\t\t\t\t<\/div>\n\t\t\t\t<div class=\"elementor-element elementor-element-d714957 elementor-widget__width-initial elementor-widget elementor-widget-spacer\" data-id=\"d714957\" data-element_type=\"widget\" data-e-type=\"widget\" data-widget_type=\"spacer.default\">\n\t\t\t\t\t\t\t<div class=\"elementor-spacer\">\n\t\t\t<div class=\"elementor-spacer-inner\"><\/div>\n\t\t<\/div>\n\t\t\t\t\t\t<\/div>\n\t\t<div class=\"elementor-element elementor-element-6560985 e-con-full e-flex e-con e-child\" data-id=\"6560985\" data-element_type=\"container\" data-e-type=\"container\">\n\t\t<div class=\"elementor-element elementor-element-62d5917 e-con-full e-flex e-con e-child\" data-id=\"62d5917\" data-element_type=\"container\" data-e-type=\"container\">\n\t\t\t\t<div class=\"elementor-element elementor-element-82ed519 elementor-widget elementor-widget-heading\" data-id=\"82ed519\" data-element_type=\"widget\" data-e-type=\"widget\" data-widget_type=\"heading.default\">\n\t\t\t\t\t<h2 class=\"elementor-heading-title elementor-size-default\">Interi\u00e9r, ktor\u00fd nech\u00e1va d\u00fdcha\u0165 vas aj priestor<\/h2>\t\t\t\t<\/div>\n\t\t\t\t<\/div>\n\t\t<div class=\"elementor-element elementor-element-767287f e-con-full e-flex e-con e-child\" data-id=\"767287f\" data-element_type=\"container\" data-e-type=\"container\">\n\t\t\t\t<div class=\"elementor-element elementor-element-4727c64 elementor-widget elementor-widget-spacer\" data-id=\"4727c64\" data-element_type=\"widget\" data-e-type=\"widget\" data-widget_type=\"spacer.default\">\n\t\t\t\t\t\t\t<div class=\"elementor-spacer\">\n\t\t\t<div class=\"elementor-spacer-inner\"><\/div>\n\t\t<\/div>\n\t\t\t\t\t\t<\/div>\n\t\t\t\t<div class=\"elementor-element elementor-element-cdd9829 elementor-widget elementor-widget-text-editor\" data-id=\"cdd9829\" data-element_type=\"widget\" data-e-type=\"widget\" data-widget_type=\"text-editor.default\">\n\t\t\t\t\t\t\t\t\t<p data-start=\"380\" data-end=\"616\">V tomto jedine\u010dnom apartmane sme vytvorili rovnov\u00e1hu medzi funk\u010dnos\u0165ou a estetikou \u2014 minimalistick\u00fd z\u00e1klad, ktor\u00fd je dostato\u010dne subt\u00edlny, aby vynikol, no dostato\u010dne premyslen\u00fd, aby bol pohodln\u00fd.<\/p><p data-start=\"618\" data-end=\"855\">Prirodzen\u00e9 svetlo, text\u00fary dreva a neutr\u00e1lnych t\u00f3nov spolu vytv\u00e1raj\u00fa atmosf\u00e9ru pokoja a harm\u00f3nie.<br data-start=\"715\" data-end=\"718\" \/>Ka\u017ed\u00fd detail tu m\u00e1 svoje miesto, ni\u010d nie je navy\u0161e a ni\u010d nech\u00fdba \u2014 aby sa \u010dlovek mohol s\u00fastredi\u0165 na to najpodstatnej\u0161ie: c\u00edti\u0165 sa doma.<\/p>\t\t\t\t\t\t\t\t<\/div>\n\t\t\t\t<\/div>\n\t\t\t\t<\/div>\n\t\t\t\t\t<\/div>\n\t\t\t\t<\/div>\n\t\t<div class=\"elementor-element elementor-element-f5d1816 e-flex e-con-boxed e-con e-parent\" data-id=\"f5d1816\" data-element_type=\"container\" data-e-type=\"container\">\n\t\t\t\t\t<div class=\"e-con-inner\">\n\t\t\t\t<div class=\"elementor-element elementor-element-65df5ca elementor-widget elementor-widget-spacer\" data-id=\"65df5ca\" data-element_type=\"widget\" data-e-type=\"widget\" data-widget_type=\"spacer.default\">\n\t\t\t\t\t\t\t<div class=\"elementor-spacer\">\n\t\t\t<div class=\"elementor-spacer-inner\"><\/div>\n\t\t<\/div>\n\t\t\t\t\t\t<\/div>\n\t\t\t\t<div class=\"elementor-element elementor-element-38e9104 elementor-widget elementor-widget-gallery\" data-id=\"38e9104\" data-element_type=\"widget\" data-e-type=\"widget\" data-settings=\"{&quot;gallery_layout&quot;:&quot;justified&quot;,&quot;ideal_row_height&quot;:{&quot;unit&quot;:&quot;px&quot;,&quot;size&quot;:400,&quot;sizes&quot;:[]},&quot;lazyload&quot;:&quot;yes&quot;,&quot;ideal_row_height_tablet&quot;:{&quot;unit&quot;:&quot;px&quot;,&quot;size&quot;:150,&quot;sizes&quot;:[]},&quot;ideal_row_height_mobile&quot;:{&quot;unit&quot;:&quot;px&quot;,&quot;size&quot;:150,&quot;sizes&quot;:[]},&quot;gap&quot;:{&quot;unit&quot;:&quot;px&quot;,&quot;size&quot;:10,&quot;sizes&quot;:[]},&quot;gap_tablet&quot;:{&quot;unit&quot;:&quot;px&quot;,&quot;size&quot;:10,&quot;sizes&quot;:[]},&quot;gap_mobile&quot;:{&quot;unit&quot;:&quot;px&quot;,&quot;size&quot;:10,&quot;sizes&quot;:[]},&quot;link_to&quot;:&quot;file&quot;,&quot;overlay_background&quot;:&quot;yes&quot;,&quot;content_hover_animation&quot;:&quot;fade-in&quot;}\" data-widget_type=\"gallery.default\">\n\t\t\t\t\t\t\t<div class=\"elementor-gallery__container\">\n\t\t\t\t\t\t\t<a class=\"e-gallery-item elementor-gallery-item elementor-animated-content\" href=\"https:\/\/www.bymood.design\/wp-content\/uploads\/2025\/07\/final-14-new-Large.jpeg\" data-elementor-open-lightbox=\"yes\" data-elementor-lightbox-slideshow=\"38e9104\" data-elementor-lightbox-title=\"Modern\u00fd interi\u00e9r \u2013 kuchy\u0148a a jed\u00e1lensk\u00fd k\u00fat\" data-elementor-lightbox-description=\"Interi\u00e9r v pr\u00edrodnom t\u00f3ne s kombin\u00e1ciou dreva a \u010diernej dla\u017eby. Kuchy\u0148a prepojen\u00e1 s jed\u00e1lensk\u00fdm stolom a decentn\u00fdm osvetlen\u00edm predstavuje harmonick\u00e9 spojenie funk\u010dnosti a estetiky.\" data-e-action-hash=\"#elementor-action%3Aaction%3Dlightbox%26settings%3DeyJpZCI6MTg2MiwidXJsIjoiaHR0cHM6XC9cL3d3dy5ieW1vb2QuZGVzaWduXC93cC1jb250ZW50XC91cGxvYWRzXC8yMDI1XC8wN1wvZmluYWwtMTQtbmV3LUxhcmdlLmpwZWciLCJzbGlkZXNob3ciOiIzOGU5MTA0In0%3D\">\n\t\t\t\t\t<div class=\"e-gallery-image elementor-gallery-item__image\" data-thumbnail=\"https:\/\/www.bymood.design\/wp-content\/uploads\/2025\/07\/final-14-new-Large-240x300.jpeg\" data-width=\"240\" data-height=\"300\" aria-label=\"Modern\u00e1 kuchy\u0148a s dreven\u00fdm obkladom, jed\u00e1lensk\u00fdm stolom a minimalistick\u00fdm osvetlen\u00edm\" role=\"img\" ><\/div>\n\t\t\t\t\t\t\t\t\t\t\t<div class=\"elementor-gallery-item__overlay\"><\/div>\n\t\t\t\t\t\t\t\t\t\t\t\t\t\t<\/a>\n\t\t\t\t\t\t\t<a class=\"e-gallery-item elementor-gallery-item elementor-animated-content\" href=\"https:\/\/www.bymood.design\/wp-content\/uploads\/2025\/07\/final-08-new-Large.jpeg\" data-elementor-open-lightbox=\"yes\" data-elementor-lightbox-slideshow=\"38e9104\" data-elementor-lightbox-title=\"Poh\u013ead z obyva\u010dky do kuchyne\" data-elementor-lightbox-description=\"Exkluz\u00edvny modern\u00fd interi\u00e9r bytu v Tatrach od ateli\u00e9ru byMOOD. Vstupn\u00e1 hala s \u010diernou dla\u017ebou, dreven\u00fdm obkladom a elegantn\u00fdm schodiskom prirodzene prech\u00e1dza do kuchyne a jed\u00e1lensk\u00e9ho priestoru. Realiz\u00e1cia na k\u013e\u00fa\u010d v pr\u00e9miovom \u0161tandarde\" data-e-action-hash=\"#elementor-action%3Aaction%3Dlightbox%26settings%3DeyJpZCI6MTg1NiwidXJsIjoiaHR0cHM6XC9cL3d3dy5ieW1vb2QuZGVzaWduXC93cC1jb250ZW50XC91cGxvYWRzXC8yMDI1XC8wN1wvZmluYWwtMDgtbmV3LUxhcmdlLmpwZWciLCJzbGlkZXNob3ciOiIzOGU5MTA0In0%3D\">\n\t\t\t\t\t<div class=\"e-gallery-image elementor-gallery-item__image\" data-thumbnail=\"https:\/\/www.bymood.design\/wp-content\/uploads\/2025\/07\/final-08-new-Large-240x300.jpeg\" data-width=\"240\" data-height=\"300\" aria-label=\"Modern\u00fd interi\u00e9r so schodiskom a kuchy\u0148ou v pr\u00edrodnom dreve\" role=\"img\" ><\/div>\n\t\t\t\t\t\t\t\t\t\t\t<div class=\"elementor-gallery-item__overlay\"><\/div>\n\t\t\t\t\t\t\t\t\t\t\t\t\t\t<\/a>\n\t\t\t\t\t\t\t<a class=\"e-gallery-item elementor-gallery-item elementor-animated-content\" href=\"https:\/\/www.bymood.design\/wp-content\/uploads\/2025\/07\/final-04-new-Large.jpeg\" data-elementor-open-lightbox=\"yes\" data-elementor-lightbox-slideshow=\"38e9104\" data-elementor-lightbox-title=\"Modern\u00fd apartm\u00e1n Tatry \u2013 minimalistick\u00e1 kuchy\u0148a\" data-elementor-lightbox-description=\"\u0160t\u00fdlov\u00fd modern\u00fd apartm\u00e1n v Tatr\u00e1ch s minimalistickou kuchy\u0148ou v bielom preveden\u00ed. \u010cist\u00e9 l\u00ednie dop\u013a\u0148a dreven\u00fd obklad a decentn\u00e9 osvetlenie, ktor\u00e9 vytv\u00e1ra harmonick\u00fd kontrast s tmavou podlahou. Realiz\u00e1cia interi\u00e9ru na k\u013e\u00fa\u010d od byMOOD\" data-e-action-hash=\"#elementor-action%3Aaction%3Dlightbox%26settings%3DeyJpZCI6MTg1MiwidXJsIjoiaHR0cHM6XC9cL3d3dy5ieW1vb2QuZGVzaWduXC93cC1jb250ZW50XC91cGxvYWRzXC8yMDI1XC8wN1wvZmluYWwtMDQtbmV3LUxhcmdlLmpwZWciLCJzbGlkZXNob3ciOiIzOGU5MTA0In0%3D\">\n\t\t\t\t\t<div class=\"e-gallery-image elementor-gallery-item__image\" data-thumbnail=\"https:\/\/www.bymood.design\/wp-content\/uploads\/2025\/07\/final-04-new-Large-300x188.jpeg\" data-width=\"300\" data-height=\"188\" aria-label=\"modern\u00fd apartm\u00e1n Tatry \u2013 minimalistick\u00e1 biela kuchy\u0148a s dreven\u00fdm obkladom, realiz\u00e1cia byMOOD\" role=\"img\" ><\/div>\n\t\t\t\t\t\t\t\t\t\t\t<div class=\"elementor-gallery-item__overlay\"><\/div>\n\t\t\t\t\t\t\t\t\t\t\t\t\t\t<\/a>\n\t\t\t\t\t\t\t<a class=\"e-gallery-item elementor-gallery-item elementor-animated-content\" href=\"https:\/\/www.bymood.design\/wp-content\/uploads\/2025\/07\/final-09-new-Large.jpeg\" data-elementor-open-lightbox=\"yes\" data-elementor-lightbox-slideshow=\"38e9104\" data-elementor-lightbox-title=\"Modern\u00fd apartm\u00e1n Tatry \u2013 ob\u00fdvacia izba s krbom\" data-elementor-lightbox-description=\"Modern\u00fd apartm\u00e1n v Tatr\u00e1ch od ateli\u00e9ru byMOOD pon\u00faka \u00fatuln\u00fa ob\u00fdvaciu izbu s krbom, pohodlnou seda\u010dkou a dreven\u00fdmi tr\u00e1mami, ktor\u00e9 zv\u00fdraz\u0148uj\u00fa horsk\u00fd charakter priestoru. Ve\u013ek\u00e9 okno prep\u00fa\u0161\u0165a dostatok denn\u00e9ho svetla a otv\u00e1ra v\u00fdh\u013ead do tatranskej pr\u00edrody. Realiz\u00e1cia interi\u00e9ru na k\u013e\u00fa\u010d\" data-e-action-hash=\"#elementor-action%3Aaction%3Dlightbox%26settings%3DeyJpZCI6MTg1NywidXJsIjoiaHR0cHM6XC9cL3d3dy5ieW1vb2QuZGVzaWduXC93cC1jb250ZW50XC91cGxvYWRzXC8yMDI1XC8wN1wvZmluYWwtMDktbmV3LUxhcmdlLmpwZWciLCJzbGlkZXNob3ciOiIzOGU5MTA0In0%3D\">\n\t\t\t\t\t<div class=\"e-gallery-image elementor-gallery-item__image\" data-thumbnail=\"https:\/\/www.bymood.design\/wp-content\/uploads\/2025\/07\/final-09-new-Large-240x300.jpeg\" data-width=\"240\" data-height=\"300\" aria-label=\"modern\u00fd apartm\u00e1n Tatry \u2013 ob\u00fdvacia izba s krbom, seda\u010dkou a dreven\u00fdmi tr\u00e1mami, realiz\u00e1cia byMOOD\" role=\"img\" ><\/div>\n\t\t\t\t\t\t\t\t\t\t\t<div class=\"elementor-gallery-item__overlay\"><\/div>\n\t\t\t\t\t\t\t\t\t\t\t\t\t\t<\/a>\n\t\t\t\t\t\t\t<a class=\"e-gallery-item elementor-gallery-item elementor-animated-content\" href=\"https:\/\/www.bymood.design\/wp-content\/uploads\/2025\/07\/final-10-new-Large.jpeg\" data-elementor-open-lightbox=\"yes\" data-elementor-lightbox-slideshow=\"38e9104\" data-elementor-lightbox-title=\"Modern\u00fd apartm\u00e1n Tatry \u2013 ob\u00fdvacia izba so seda\u010dkou\" data-elementor-lightbox-description=\"Exkluz\u00edvny apartm\u00e1n v Tatr\u00e1ch od byMOOD s priestrannou ob\u00fdvacou izbou. Dominantou priestoru je ve\u013ek\u00e1 zelen\u00e1 seda\u010dka doplnen\u00e1 taburetkami a pr\u00edrodn\u00fdmi text\u00farami. Modern\u00fd interi\u00e9r so schodiskom a \u010dist\u00fdmi l\u00edniami pon\u00faka komfort aj dizajnov\u00fd charakter horsk\u00e9ho b\u00fdvania. Realiz\u00e1cia na k\u013e\u00fa\u010d\" data-e-action-hash=\"#elementor-action%3Aaction%3Dlightbox%26settings%3DeyJpZCI6MTg1OCwidXJsIjoiaHR0cHM6XC9cL3d3dy5ieW1vb2QuZGVzaWduXC93cC1jb250ZW50XC91cGxvYWRzXC8yMDI1XC8wN1wvZmluYWwtMTAtbmV3LUxhcmdlLmpwZWciLCJzbGlkZXNob3ciOiIzOGU5MTA0In0%3D\">\n\t\t\t\t\t<div class=\"e-gallery-image elementor-gallery-item__image\" data-thumbnail=\"https:\/\/www.bymood.design\/wp-content\/uploads\/2025\/07\/final-10-new-Large-300x188.jpeg\" data-width=\"300\" data-height=\"188\" aria-label=\"modern\u00fd apartm\u00e1n Tatry \u2013 ob\u00fdvacia izba so zelenou seda\u010dkou a schodiskom, realiz\u00e1cia byMOOD\" role=\"img\" ><\/div>\n\t\t\t\t\t\t\t\t\t\t\t<div class=\"elementor-gallery-item__overlay\"><\/div>\n\t\t\t\t\t\t\t\t\t\t\t\t\t\t<\/a>\n\t\t\t\t\t\t\t<a class=\"e-gallery-item elementor-gallery-item elementor-animated-content\" href=\"https:\/\/www.bymood.design\/wp-content\/uploads\/2025\/07\/final-11-new-Large.jpeg\" data-elementor-open-lightbox=\"yes\" data-elementor-lightbox-slideshow=\"38e9104\" data-elementor-lightbox-title=\"Modern\u00fd apartm\u00e1n Tatry \u2013 ob\u00fdvacia izba s krbom a TV\" data-elementor-lightbox-description=\"Modern\u00fd apartm\u00e1n v Tatr\u00e1ch s \u00fatulnou ob\u00fdvacou izbou, kde dominuj\u00fa krb a TV zostava doplnen\u00e1 dreven\u00fdm n\u00e1bytkom. Kombin\u00e1cia pr\u00edrodn\u00fdch materi\u00e1lov a \u010dist\u00fdch l\u00edni\u00ed vytv\u00e1ra harmonick\u00e9 prostredie pre relax. Interi\u00e9r bol realizovan\u00fd na k\u013e\u00fa\u010d architektonick\u00fdm \u0161t\u00fadiom byMOOD\" data-e-action-hash=\"#elementor-action%3Aaction%3Dlightbox%26settings%3DeyJpZCI6MTg1OSwidXJsIjoiaHR0cHM6XC9cL3d3dy5ieW1vb2QuZGVzaWduXC93cC1jb250ZW50XC91cGxvYWRzXC8yMDI1XC8wN1wvZmluYWwtMTEtbmV3LUxhcmdlLmpwZWciLCJzbGlkZXNob3ciOiIzOGU5MTA0In0%3D\">\n\t\t\t\t\t<div class=\"e-gallery-image elementor-gallery-item__image\" data-thumbnail=\"https:\/\/www.bymood.design\/wp-content\/uploads\/2025\/07\/final-11-new-Large-300x188.jpeg\" data-width=\"300\" data-height=\"188\" aria-label=\"modern\u00fd apartm\u00e1n Tatry \u2013 ob\u00fdvacia izba s krbom a telev\u00edziou, realiz\u00e1cia byMOOD\" role=\"img\" ><\/div>\n\t\t\t\t\t\t\t\t\t\t\t<div class=\"elementor-gallery-item__overlay\"><\/div>\n\t\t\t\t\t\t\t\t\t\t\t\t\t\t<\/a>\n\t\t\t\t\t\t\t<a class=\"e-gallery-item elementor-gallery-item elementor-animated-content\" href=\"https:\/\/www.bymood.design\/wp-content\/uploads\/2025\/07\/final-12-new-Large.jpeg\" data-elementor-open-lightbox=\"yes\" data-elementor-lightbox-slideshow=\"38e9104\" data-elementor-lightbox-title=\"Modern\u00fd apartm\u00e1n Tatry \u2013 schodisko a jed\u00e1lensk\u00fd priestor\" data-elementor-lightbox-description=\"Interi\u00e9r modern\u00e9ho apartm\u00e1nu v Tatr\u00e1ch s dizajnov\u00fdm schodiskom, jed\u00e1lensk\u00fdm stolom a prepojen\u00edm na kuchy\u0148u. Kombin\u00e1cia dreva, \u010diernej dla\u017eby a minimalistick\u00e9ho svietidla vytv\u00e1ra harmonick\u00fd priestor. Realiz\u00e1cia interi\u00e9ru na k\u013e\u00fa\u010d od ateli\u00e9ru byMOOD.\" data-e-action-hash=\"#elementor-action%3Aaction%3Dlightbox%26settings%3DeyJpZCI6MTg2MCwidXJsIjoiaHR0cHM6XC9cL3d3dy5ieW1vb2QuZGVzaWduXC93cC1jb250ZW50XC91cGxvYWRzXC8yMDI1XC8wN1wvZmluYWwtMTItbmV3LUxhcmdlLmpwZWciLCJzbGlkZXNob3ciOiIzOGU5MTA0In0%3D\">\n\t\t\t\t\t<div class=\"e-gallery-image elementor-gallery-item__image\" data-thumbnail=\"https:\/\/www.bymood.design\/wp-content\/uploads\/2025\/07\/final-12-new-Large-240x300.jpeg\" data-width=\"240\" data-height=\"300\" aria-label=\"modern\u00fd apartm\u00e1n Tatry \u2013 schodisko s jed\u00e1lensk\u00fdm stolom a kuchy\u0148ou, realiz\u00e1cia byMOOD\" role=\"img\" ><\/div>\n\t\t\t\t\t\t\t\t\t\t\t<div class=\"elementor-gallery-item__overlay\"><\/div>\n\t\t\t\t\t\t\t\t\t\t\t\t\t\t<\/a>\n\t\t\t\t\t\t\t<a class=\"e-gallery-item elementor-gallery-item elementor-animated-content\" href=\"https:\/\/www.bymood.design\/wp-content\/uploads\/2025\/07\/final-13-new-Large.jpeg\" data-elementor-open-lightbox=\"yes\" data-elementor-lightbox-slideshow=\"38e9104\" data-elementor-lightbox-title=\"Modern\u00fd apartm\u00e1n Tatry \u2013 ob\u00fdvacia izba so zelenou seda\u010dkou\" data-elementor-lightbox-description=\"Modern\u00fd apartm\u00e1n v Tatr\u00e1ch od ateli\u00e9ru byMOOD pon\u00faka dizajnov\u00fa ob\u00fdvaciu izbu so zelenou seda\u010dkou, taburetkami a \u00fatulnou atmosf\u00e9rou. Kombin\u00e1cia pr\u00edrodn\u00fdch materi\u00e1lov, m\u00e4kk\u00fdch text\u00edli\u00ed a ve\u013ek\u00e9ho okna prin\u00e1\u0161a svetlo a komfort. Realiz\u00e1cia interi\u00e9ru na k\u013e\u00fa\u010d.\" data-e-action-hash=\"#elementor-action%3Aaction%3Dlightbox%26settings%3DeyJpZCI6MTg2MSwidXJsIjoiaHR0cHM6XC9cL3d3dy5ieW1vb2QuZGVzaWduXC93cC1jb250ZW50XC91cGxvYWRzXC8yMDI1XC8wN1wvZmluYWwtMTMtbmV3LUxhcmdlLmpwZWciLCJzbGlkZXNob3ciOiIzOGU5MTA0In0%3D\">\n\t\t\t\t\t<div class=\"e-gallery-image elementor-gallery-item__image\" data-thumbnail=\"https:\/\/www.bymood.design\/wp-content\/uploads\/2025\/07\/final-13-new-Large-240x300.jpeg\" data-width=\"240\" data-height=\"300\" aria-label=\"modern\u00fd apartm\u00e1n Tatry \u2013 ob\u00fdvacia izba so zelenou seda\u010dkou a dizajnov\u00fdm osvetlen\u00edm, realiz\u00e1cia byMOOD\" role=\"img\" ><\/div>\n\t\t\t\t\t\t\t\t\t\t\t<div class=\"elementor-gallery-item__overlay\"><\/div>\n\t\t\t\t\t\t\t\t\t\t\t\t\t\t<\/a>\n\t\t\t\t\t\t\t<a class=\"e-gallery-item elementor-gallery-item elementor-animated-content\" href=\"https:\/\/www.bymood.design\/wp-content\/uploads\/2025\/07\/final-18-new-Large.jpeg\" data-elementor-open-lightbox=\"yes\" data-elementor-lightbox-slideshow=\"38e9104\" data-elementor-lightbox-title=\"Modern\u00fd apartm\u00e1n Tatry \u2013 minimalistick\u00e1 sp\u00e1l\u0148a\" data-elementor-lightbox-description=\"Modern\u00fd apartm\u00e1n v Tatr\u00e1ch od byMOOD pon\u00faka sp\u00e1l\u0148u v minimalistickom \u0161t\u00fdle. Dominantou priestoru je dreven\u00fd obklad za poste\u013eou, ktor\u00fd dod\u00e1va interi\u00e9ru teplo a \u00fatulnos\u0165. \u010cist\u00e9 l\u00ednie, neutr\u00e1lne farby a dizajnov\u00e9 osvetlenie vytv\u00e1raj\u00fa harmonick\u00e9 prostredie pre odpo\u010dinok. Realiz\u00e1cia interi\u00e9ru na k\u013e\u00fa\u010d\" data-e-action-hash=\"#elementor-action%3Aaction%3Dlightbox%26settings%3DeyJpZCI6MTg2NiwidXJsIjoiaHR0cHM6XC9cL3d3dy5ieW1vb2QuZGVzaWduXC93cC1jb250ZW50XC91cGxvYWRzXC8yMDI1XC8wN1wvZmluYWwtMTgtbmV3LUxhcmdlLmpwZWciLCJzbGlkZXNob3ciOiIzOGU5MTA0In0%3D\">\n\t\t\t\t\t<div class=\"e-gallery-image elementor-gallery-item__image\" data-thumbnail=\"https:\/\/www.bymood.design\/wp-content\/uploads\/2025\/07\/final-18-new-Large-300x188.jpeg\" data-width=\"300\" data-height=\"188\" aria-label=\"modern\u00fd apartm\u00e1n Tatry \u2013 minimalistick\u00e1 sp\u00e1l\u0148a s dreven\u00fdm obkladom, realiz\u00e1cia byMOOD\" role=\"img\" ><\/div>\n\t\t\t\t\t\t\t\t\t\t\t<div class=\"elementor-gallery-item__overlay\"><\/div>\n\t\t\t\t\t\t\t\t\t\t\t\t\t\t<\/a>\n\t\t\t\t\t\t\t<a class=\"e-gallery-item elementor-gallery-item elementor-animated-content\" href=\"https:\/\/www.bymood.design\/wp-content\/uploads\/2025\/07\/final-19-new-Large.jpeg\" data-elementor-open-lightbox=\"yes\" data-elementor-lightbox-slideshow=\"38e9104\" data-elementor-lightbox-title=\"\u010citac\u00ed a relaxa\u010dn\u00fd k\u00fat v apartm\u00e1ne v Tatr\u00e1ch\" data-elementor-lightbox-description=\"Modern\u00fd apartm\u00e1n v Tatr\u00e1ch od byMOOD pon\u00faka \u00fatuln\u00fd \u010ditac\u00ed k\u00fat pod \u0161ikminou s kreslom, dizajnov\u00fdm stol\u00edkom a ve\u013ek\u00fdm oknom s v\u00fdh\u013eadom. Kombin\u00e1cia dreven\u00fdch tr\u00e1mov, pr\u00edrodn\u00e9ho svetla a minimalistick\u00fdch prvkov vytv\u00e1ra pr\u00edjemn\u00fd priestor na oddych. Realiz\u00e1cia interi\u00e9ru na k\u013e\u00fa\u010d\" data-e-action-hash=\"#elementor-action%3Aaction%3Dlightbox%26settings%3DeyJpZCI6MTg2NywidXJsIjoiaHR0cHM6XC9cL3d3dy5ieW1vb2QuZGVzaWduXC93cC1jb250ZW50XC91cGxvYWRzXC8yMDI1XC8wN1wvZmluYWwtMTktbmV3LUxhcmdlLmpwZWciLCJzbGlkZXNob3ciOiIzOGU5MTA0In0%3D\">\n\t\t\t\t\t<div class=\"e-gallery-image elementor-gallery-item__image\" data-thumbnail=\"https:\/\/www.bymood.design\/wp-content\/uploads\/2025\/07\/final-19-new-Large-240x300.jpeg\" data-width=\"240\" data-height=\"300\" aria-label=\"modern\u00fd apartm\u00e1n Tatry \u2013 \u010ditac\u00ed k\u00fat pod \u0161ikminou s kreslom a stol\u00edkom, realiz\u00e1cia byMOOD\" role=\"img\" ><\/div>\n\t\t\t\t\t\t\t\t\t\t\t<div class=\"elementor-gallery-item__overlay\"><\/div>\n\t\t\t\t\t\t\t\t\t\t\t\t\t\t<\/a>\n\t\t\t\t\t\t\t<a class=\"e-gallery-item elementor-gallery-item elementor-animated-content\" href=\"https:\/\/www.bymood.design\/wp-content\/uploads\/2025\/07\/final-20-new-Large.jpeg\" data-elementor-open-lightbox=\"yes\" data-elementor-lightbox-slideshow=\"38e9104\" data-elementor-lightbox-title=\"Modern\u00fd apartm\u00e1n Tatry \u2013 podkrovn\u00e1 sp\u00e1l\u0148a\" data-elementor-lightbox-description=\"Modern\u00fd apartm\u00e1n v Tatr\u00e1ch od byMOOD pon\u00faka podkrovn\u00fa sp\u00e1l\u0148u s dreven\u00fdmi tr\u00e1mami, stre\u0161n\u00fdm oknom a minimalistick\u00fdm zariaden\u00edm. Kombin\u00e1cia kresla, komody a pohodlnej postele vytv\u00e1ra harmonick\u00fd priestor na odpo\u010dinok s d\u00f4razom na pr\u00edrodn\u00e9 svetlo. Realiz\u00e1cia interi\u00e9ru na k\u013e\u00fa\u010d.\" data-e-action-hash=\"#elementor-action%3Aaction%3Dlightbox%26settings%3DeyJpZCI6MTg2OCwidXJsIjoiaHR0cHM6XC9cL3d3dy5ieW1vb2QuZGVzaWduXC93cC1jb250ZW50XC91cGxvYWRzXC8yMDI1XC8wN1wvZmluYWwtMjAtbmV3LUxhcmdlLmpwZWciLCJzbGlkZXNob3ciOiIzOGU5MTA0In0%3D\">\n\t\t\t\t\t<div class=\"e-gallery-image elementor-gallery-item__image\" data-thumbnail=\"https:\/\/www.bymood.design\/wp-content\/uploads\/2025\/07\/final-20-new-Large-240x300.jpeg\" data-width=\"240\" data-height=\"300\" aria-label=\"modern\u00fd apartm\u00e1n Tatry \u2013 podkrovn\u00e1 sp\u00e1l\u0148a s kreslom, komodou a stre\u0161n\u00fdm oknom, realiz\u00e1cia byMOOD\" role=\"img\" ><\/div>\n\t\t\t\t\t\t\t\t\t\t\t<div class=\"elementor-gallery-item__overlay\"><\/div>\n\t\t\t\t\t\t\t\t\t\t\t\t\t\t<\/a>\n\t\t\t\t\t\t\t<a class=\"e-gallery-item elementor-gallery-item elementor-animated-content\" href=\"https:\/\/www.bymood.design\/wp-content\/uploads\/2025\/07\/final-21-new-Large.jpeg\" data-elementor-open-lightbox=\"yes\" data-elementor-lightbox-slideshow=\"38e9104\" data-elementor-lightbox-title=\"Modern\u00fd apartm\u00e1n Tatry \u2013 detail sp\u00e1lne\" data-elementor-lightbox-description=\"Sp\u00e1l\u0148a modern\u00e9ho apartm\u00e1nu v Tatr\u00e1ch od byMOOD je navrhnut\u00e1 v minimalistickom \u0161t\u00fdle s d\u00f4razom na pr\u00edrodn\u00e9 materi\u00e1ly. Dreven\u00fd obklad za poste\u013eou dop\u013a\u0148a dizajnov\u00fd no\u010dn\u00fd stol\u00edk a stmievate\u013en\u00e1 lampa, ktor\u00e9 vytv\u00e1raj\u00fa \u00fatuln\u00fa atmosf\u00e9ru pre ve\u010dern\u00fd odpo\u010dinok. Realiz\u00e1cia interi\u00e9ru na k\u013e\u00fa\u010d.\" data-e-action-hash=\"#elementor-action%3Aaction%3Dlightbox%26settings%3DeyJpZCI6MTg2OSwidXJsIjoiaHR0cHM6XC9cL3d3dy5ieW1vb2QuZGVzaWduXC93cC1jb250ZW50XC91cGxvYWRzXC8yMDI1XC8wN1wvZmluYWwtMjEtbmV3LUxhcmdlLmpwZWciLCJzbGlkZXNob3ciOiIzOGU5MTA0In0%3D\">\n\t\t\t\t\t<div class=\"e-gallery-image elementor-gallery-item__image\" data-thumbnail=\"https:\/\/www.bymood.design\/wp-content\/uploads\/2025\/07\/final-21-new-Large-240x300.jpeg\" data-width=\"240\" data-height=\"300\" aria-label=\"modern\u00fd apartm\u00e1n Tatry \u2013 sp\u00e1l\u0148a s dreven\u00fdm obkladom a no\u010dn\u00fdm stol\u00edkom, realiz\u00e1cia byMOOD\" role=\"img\" ><\/div>\n\t\t\t\t\t\t\t\t\t\t\t<div class=\"elementor-gallery-item__overlay\"><\/div>\n\t\t\t\t\t\t\t\t\t\t\t\t\t\t<\/a>\n\t\t\t\t\t\t\t<a class=\"e-gallery-item elementor-gallery-item elementor-animated-content\" href=\"https:\/\/www.bymood.design\/wp-content\/uploads\/2025\/07\/final-22-new-Large.jpeg\" data-elementor-open-lightbox=\"yes\" data-elementor-lightbox-slideshow=\"38e9104\" data-elementor-lightbox-title=\"Modern\u00fd apartm\u00e1n Tatry \u2013 podkrovn\u00e1 ob\u00fdvacia \u010das\u0165\" data-elementor-lightbox-description=\"Modern\u00fd apartm\u00e1n v Tatr\u00e1ch od byMOOD pon\u00faka podkrovn\u00fa ob\u00fdvaciu \u010das\u0165 s pohodlnou rozkladaciou zelenou pohovkou a dreven\u00fdm stropom. Minimalistick\u00fd interi\u00e9r v pr\u00edrodn\u00fdch t\u00f3noch vytv\u00e1ra \u00fatuln\u00fa atmosf\u00e9ru na relax s d\u00f4razom na detail. Realiz\u00e1cia interi\u00e9ru na k\u013e\u00fa\u010d\" data-e-action-hash=\"#elementor-action%3Aaction%3Dlightbox%26settings%3DeyJpZCI6MTg3MCwidXJsIjoiaHR0cHM6XC9cL3d3dy5ieW1vb2QuZGVzaWduXC93cC1jb250ZW50XC91cGxvYWRzXC8yMDI1XC8wN1wvZmluYWwtMjItbmV3LUxhcmdlLmpwZWciLCJzbGlkZXNob3ciOiIzOGU5MTA0In0%3D\">\n\t\t\t\t\t<div class=\"e-gallery-image elementor-gallery-item__image\" data-thumbnail=\"https:\/\/www.bymood.design\/wp-content\/uploads\/2025\/07\/final-22-new-Large-240x300.jpeg\" data-width=\"240\" data-height=\"300\" aria-label=\"modern\u00fd apartm\u00e1n Tatry \u2013 podkrovn\u00e1 ob\u00fdvacia \u010das\u0165 s rozkladaciou pohovkou, realiz\u00e1cia byMOOD\" role=\"img\" ><\/div>\n\t\t\t\t\t\t\t\t\t\t\t<div class=\"elementor-gallery-item__overlay\"><\/div>\n\t\t\t\t\t\t\t\t\t\t\t\t\t\t<\/a>\n\t\t\t\t\t\t\t<a class=\"e-gallery-item elementor-gallery-item elementor-animated-content\" href=\"https:\/\/www.bymood.design\/wp-content\/uploads\/2025\/07\/final-23-new-Large.jpeg\" data-elementor-open-lightbox=\"yes\" data-elementor-lightbox-slideshow=\"38e9104\" data-elementor-lightbox-title=\"Modern\u00fd apartm\u00e1n Tatry \u2013 podkrovn\u00e1 sp\u00e1l\u0148a\" data-elementor-lightbox-description=\"Podkrovn\u00e1 sp\u00e1l\u0148a modern\u00e9ho apartm\u00e1nu v Tatr\u00e1ch od byMOOD sp\u00e1ja \u00fatuln\u00fd charakter horsk\u00e9ho prostredia s minimalistick\u00fdm dizajnom. Dreven\u00fd strop a tr\u00e1my dop\u013a\u0148a komoda a decentn\u00e9 zariadenie, ktor\u00e9 zv\u00fdraz\u0148uj\u00fa vzdu\u0161nos\u0165 priestoru. Realiz\u00e1cia interi\u00e9ru na k\u013e\u00fa\u010d\" data-e-action-hash=\"#elementor-action%3Aaction%3Dlightbox%26settings%3DeyJpZCI6MTg3MSwidXJsIjoiaHR0cHM6XC9cL3d3dy5ieW1vb2QuZGVzaWduXC93cC1jb250ZW50XC91cGxvYWRzXC8yMDI1XC8wN1wvZmluYWwtMjMtbmV3LUxhcmdlLmpwZWciLCJzbGlkZXNob3ciOiIzOGU5MTA0In0%3D\">\n\t\t\t\t\t<div class=\"e-gallery-image elementor-gallery-item__image\" data-thumbnail=\"https:\/\/www.bymood.design\/wp-content\/uploads\/2025\/07\/final-23-new-Large-240x300.jpeg\" data-width=\"240\" data-height=\"300\" aria-label=\"modern\u00fd apartm\u00e1n Tatry \u2013 podkrovn\u00e1 sp\u00e1l\u0148a s dreven\u00fdm stropom a komodou, realiz\u00e1cia byMOOD\" role=\"img\" ><\/div>\n\t\t\t\t\t\t\t\t\t\t\t<div class=\"elementor-gallery-item__overlay\"><\/div>\n\t\t\t\t\t\t\t\t\t\t\t\t\t\t<\/a>\n\t\t\t\t\t\t\t<a class=\"e-gallery-item elementor-gallery-item elementor-animated-content\" href=\"https:\/\/www.bymood.design\/wp-content\/uploads\/2025\/07\/final-24-new-Large.jpeg\" data-elementor-open-lightbox=\"yes\" data-elementor-lightbox-slideshow=\"38e9104\" data-elementor-lightbox-title=\"Modern\u00fd apartm\u00e1n Tatry \u2013 sp\u00e1l\u0148a s man\u017eelskou poste\u013eou\" data-elementor-lightbox-description=\"Sp\u00e1l\u0148a modern\u00e9ho apartm\u00e1nu v Tatr\u00e1ch od ateli\u00e9ru byMOOD s man\u017eelskou poste\u013eou, dreven\u00fdm obkladom a dizajnov\u00fdmi no\u010dn\u00fdmi stol\u00edkmi. Interi\u00e9r je laden\u00fd v pr\u00edrodn\u00fdch t\u00f3noch s d\u00f4razom na \u00fatulnos\u0165 a komfort. Realiz\u00e1cia interi\u00e9ru na k\u013e\u00fa\u010d\" data-e-action-hash=\"#elementor-action%3Aaction%3Dlightbox%26settings%3DeyJpZCI6MTg3MiwidXJsIjoiaHR0cHM6XC9cL3d3dy5ieW1vb2QuZGVzaWduXC93cC1jb250ZW50XC91cGxvYWRzXC8yMDI1XC8wN1wvZmluYWwtMjQtbmV3LUxhcmdlLmpwZWciLCJzbGlkZXNob3ciOiIzOGU5MTA0In0%3D\">\n\t\t\t\t\t<div class=\"e-gallery-image elementor-gallery-item__image\" data-thumbnail=\"https:\/\/www.bymood.design\/wp-content\/uploads\/2025\/07\/final-24-new-Large-300x188.jpeg\" data-width=\"300\" data-height=\"188\" aria-label=\"modern\u00fd apartm\u00e1n Tatry \u2013 sp\u00e1l\u0148a s man\u017eelskou poste\u013eou a dreven\u00fdm obkladom, realiz\u00e1cia byMOOD\" role=\"img\" ><\/div>\n\t\t\t\t\t\t\t\t\t\t\t<div class=\"elementor-gallery-item__overlay\"><\/div>\n\t\t\t\t\t\t\t\t\t\t\t\t\t\t<\/a>\n\t\t\t\t\t\t\t<a class=\"e-gallery-item elementor-gallery-item elementor-animated-content\" href=\"https:\/\/www.bymood.design\/wp-content\/uploads\/2025\/07\/final-25-new-Large.jpeg\" data-elementor-open-lightbox=\"yes\" data-elementor-lightbox-slideshow=\"38e9104\" data-elementor-lightbox-title=\"Detail sp\u00e1lne s dreven\u00fdm obkladom \u2013 apartm\u00e1n Tatry\" data-elementor-lightbox-description=\"Detailn\u00fd poh\u013ead na sp\u00e1l\u0148u modern\u00e9ho apartm\u00e1nu v Tatr\u00e1ch od ateli\u00e9ru byMOOD. Dreven\u00fd obklad steny, pohodln\u00e1 poste\u013e a no\u010dn\u00fd stol\u00edk s lampou tvoria harmonick\u00e9 a \u00fatuln\u00e9 prostredie. Interi\u00e9r navrhnut\u00fd s d\u00f4razom na komfort a pr\u00edrodn\u00e9 materi\u00e1ly\" data-e-action-hash=\"#elementor-action%3Aaction%3Dlightbox%26settings%3DeyJpZCI6MTg3MywidXJsIjoiaHR0cHM6XC9cL3d3dy5ieW1vb2QuZGVzaWduXC93cC1jb250ZW50XC91cGxvYWRzXC8yMDI1XC8wN1wvZmluYWwtMjUtbmV3LUxhcmdlLmpwZWciLCJzbGlkZXNob3ciOiIzOGU5MTA0In0%3D\">\n\t\t\t\t\t<div class=\"e-gallery-image elementor-gallery-item__image\" data-thumbnail=\"https:\/\/www.bymood.design\/wp-content\/uploads\/2025\/07\/final-25-new-Large-240x300.jpeg\" data-width=\"240\" data-height=\"300\" aria-label=\"detail sp\u00e1lne v modernom apartm\u00e1ne v Tatr\u00e1ch \u2013 poste\u013e, no\u010dn\u00fd stol\u00edk a dreven\u00fd obklad\" role=\"img\" ><\/div>\n\t\t\t\t\t\t\t\t\t\t\t<div class=\"elementor-gallery-item__overlay\"><\/div>\n\t\t\t\t\t\t\t\t\t\t\t\t\t\t<\/a>\n\t\t\t\t\t<\/div>\n\t\t\t\t\t<\/div>\n\t\t\t\t<div class=\"elementor-element elementor-element-f1d09b6 elementor-widget elementor-widget-slider_revolution\" data-id=\"f1d09b6\" data-element_type=\"widget\" data-e-type=\"widget\" data-widget_type=\"slider_revolution.default\">\n\t\t\t\t\t<div class=\"wp-block-themepunch-revslider revslider\">\n\t\t\t\t<p class=\"rs-p-wp-fix\"><\/p>\n\t\t\t\t<sr7-module data-alias=\"byMood_kontakt_scroll\" data-id=\"56\" id=\"SR7_56_3\" data-version=\"7.0.10\">\n\t\t\t\t\t<sr7-adjuster><\/sr7-adjuster>\n\t\t\t\t\t<sr7-content>\n\t\t\t\t\t\t<sr7-slide id=\"SR7_56_3-152\" data-key=\"152\">\n\t\t\t\t\t\t\t<sr7-txt id=\"SR7_56_3-152-4\" class=\"sr7-layer\">ADRESA<\/sr7-txt>\n\t\t\t\t\t\t\t<sr7-txt id=\"SR7_56_3-152-11\" class=\"sr7-layer\">KONTAKT<\/sr7-txt>\n\t\t\t\t\t\t\t<sr7-txt id=\"SR7_56_3-152-12\" class=\"sr7-layer\">Opavsk\u00e1 18, 831 01<br\/>Bratislava, Slovakia<\/sr7-txt>\n\t\t\t\t\t\t\t<a id=\"SR7_56_3-152-15\" class=\"sr7-layer\" href=\"mailto:hello@bymood.design\" target=\"_blank\">hello@bymood.design<\/a>\n\t\t\t\t\t\t\t<sr7-txt id=\"SR7_56_3-152-16\" class=\"sr7-layer\">TELEF\u00d3N<\/sr7-txt>\n\t\t\t\t\t\t\t<sr7-txt id=\"SR7_56_3-152-17\" class=\"sr7-layer\">SLEDUJ N\u00c1S<\/sr7-txt>\n\t\t\t\t\t\t\t<a id=\"SR7_56_3-152-18\" class=\"sr7-layer\" href=\"tel:+421918305996\" target=\"_blank\">+421 918 305 996<\/a>\n\t\t\t\t\t\t\t<a id=\"SR7_56_3-152-19\" class=\"sr7-layer\" href=\"http:\/\/www.facebook.com\/profile.php?id=100090106757080\" target=\"_self\" rel=\"noopener\">Fb<\/a>\n\t\t\t\t\t\t\t<a id=\"SR7_56_3-152-21\" class=\"sr7-layer\" href=\"http:\/\/www.instagram.com\/bymood.design\/\" target=\"_blank\" rel=\"noopener\">Ig<\/a>\n\t\t\t\t\t\t\t<a id=\"SR7_56_3-152-22\" class=\"sr7-layer\" href=\"http:\/\/sk.pinterest.com\/bymooddesign\/\" target=\"_blank\" rel=\"noopener\">Pin<\/a>\n\t\t\t\t\t\t<\/sr7-slide>\n\t\t\t\t\t\t<sr7-slide id=\"SR7_56_3-153\" data-key=\"153\">\n\t\t\t\t\t\t<\/sr7-slide>\n\t\t\t\t\t<\/sr7-content>\n\t\t\t\t\t<image_lists style=\"display:none\">\n\t\t\t\t\t\t<img loading=\"lazy\" data-src=\"\/\/www.bymood.design\/wp-content\/uploads\/revslider\/o\/56\/48c48663e99e48b69ec5fa972d83cdbb.webp\" data-libid=\"1237\" data-lib=\"medialibrary\" title=\"byMOOD-CB-F\" width=\"0\" height=\"0\" data-dbsrc=\"Ly93d3cuYnltb29kLmRlc2lnbi93cC1jb250ZW50L3VwbG9hZHMvMjAyNS8wMi9ieU1PT0QtQ0ItRi5wbmc=\"\/>\n\t\t\t\t\t<\/image_lists>\n\t\t\t\t<\/sr7-module>\n\t\t\t\t<script>\n\t\t\t\t\twindow.SR7??={}; SR7.PMH ??={}; SR7.PMH[\"SR7_56_3\"] = {cn:100,state:false,fn: function() { if (window._tpt!==undefined && window._tpt.prepareModuleHeight !== undefined) {  _tpt.prepareModuleHeight({id:\"SR7_56_3\",el:[300,300,300,854,844],type:'hero',gh:[300,300,300,854,844],gw:[1240,1240,1240,778,480],vpt:['-200px&#039;,&#039;-200px&#039;,&#039;-200px&#039;,&#039;-200px&#039;,&#039;-200px'],size:{fullWidth:true, fullHeight:false},mh:'0',onh:0,onw:0,bg:{color:'{\"orig\":\"transparent\",\"type\":\"solid\",\"string\":\"transparent\"}'}});   SR7.PMH[\"SR7_56_3\"].state=true;} else if(SR7.PMH[\"SR7_56_3\"].cn-->0)\tsetTimeout( SR7.PMH[\"SR7_56_3\"].fn,19);}};SR7.PMH[\"SR7_56_3\" ].fn();\n\t\t\t\t<\/script>\n<\/div>\t\t\t\t<\/div>\n\t\t\t\t\t<\/div>\n\t\t\t\t<\/div>\n\t\t\t\t<\/div>\n\t\t","protected":false},"excerpt":{"rendered":"<p>N\u00e1vrh apartm\u00e1n Tatry od byMOOD je modern\u00fd minimalistick\u00fd interi\u00e9r so svetl\u00fdmi odtie\u0148mi, pr\u00edrodn\u00fdmi materi\u00e1lmi a d\u00f4razom na detail a komfort.<\/p>","protected":false},"author":1,"featured_media":1862,"parent":0,"menu_order":0,"comment_status":"closed","ping_status":"closed","template":"","meta":{"rs_blank_template":"","rs_page_bg_color":"","slide_template_v7":"","_monsterinsights_skip_tracking":false,"_monsterinsights_sitenote_active":false,"_monsterinsights_sitenote_note":"","_monsterinsights_sitenote_category":0,"footnotes":""},"class_list":["post-1836","page","type-page","status-publish","has-post-thumbnail","hentry"],"_links":{"self":[{"href":"https:\/\/www.bymood.design\/en\/wp-json\/wp\/v2\/pages\/1836","targetHints":{"allow":["GET"]}}],"collection":[{"href":"https:\/\/www.bymood.design\/en\/wp-json\/wp\/v2\/pages"}],"about":[{"href":"https:\/\/www.bymood.design\/en\/wp-json\/wp\/v2\/types\/page"}],"author":[{"embeddable":true,"href":"https:\/\/www.bymood.design\/en\/wp-json\/wp\/v2\/users\/1"}],"replies":[{"embeddable":true,"href":"https:\/\/www.bymood.design\/en\/wp-json\/wp\/v2\/comments?post=1836"}],"version-history":[{"count":6,"href":"https:\/\/www.bymood.design\/en\/wp-json\/wp\/v2\/pages\/1836\/revisions"}],"predecessor-version":[{"id":2645,"href":"https:\/\/www.bymood.design\/en\/wp-json\/wp\/v2\/pages\/1836\/revisions\/2645"}],"wp:featuredmedia":[{"embeddable":true,"href":"https:\/\/www.bymood.design\/en\/wp-json\/wp\/v2\/media\/1862"}],"wp:attachment":[{"href":"https:\/\/www.bymood.design\/en\/wp-json\/wp\/v2\/media?parent=1836"}],"curies":[{"name":"wp","href":"https:\/\/api.w.org\/{rel}","templated":true}]}}